{"id":31822,"date":"2022-02-07T18:43:18","date_gmt":"2022-02-07T17:43:18","guid":{"rendered":"https:\/\/aigal-studio.ch\/?page_id=31822"},"modified":"2026-03-23T16:45:19","modified_gmt":"2026-03-23T15:45:19","slug":"home","status":"publish","type":"page","link":"https:\/\/aigal-studio.ch\/en\/","title":{"rendered":"Vid\u00e9aste et photographe \u00e0 Gen\u00e8ve"},"content":{"rendered":"<div data-elementor-type=\"wp-page\" data-elementor-id=\"31822\" class=\"elementor elementor-31822\" data-elementor-post-type=\"page\">\n\t\t\t\t<div class=\"elementor-element elementor-element-f769d6e e-con-full e-flex e-con e-parent\" data-id=\"f769d6e\" data-element_type=\"container\" data-e-type=\"container\" id=\"about\">\n\t\t\t\t<div class=\"elementor-element elementor-element-7df04bd elementor-widget__width-initial elementor-widget-mobile__width-inherit elementor-widget elementor-widget-text-editor\" data-id=\"7df04bd\" data-element_type=\"widget\" data-e-type=\"widget\" data-widget_type=\"text-editor.default\">\n\t\t\t\t\t\t\t\t\t<h1>Photographe \u00e9v\u00e9nementiel et vid\u00e9aste \u00e0 Gen\u00e8ve<\/h1>\nPhotographe et vid\u00e9aste bas\u00e9 \u00e0 Gen\u00e8ve, Aigal Studio r\u00e9alise des reportages photo et vid\u00e9o pour les entreprises, conf\u00e9rences et \u00e9v\u00e9nements en Suisse.\n\n<b>Depuis 2016, nous accompagnons entreprises, institutions et organisations dans la cr\u00e9ation d\u2019images professionnelles pour valoriser leurs \u00e9v\u00e9nements et leur communication.<\/b><b><\/b>\n<div class=\"services-cta\"><a href=\"https:\/\/aigal-studio.ch\/en\/photographe-evenementiel-geneve\/\"><strong>\u2192 <span style=\"text-decoration: underline;\">Photographie \u00e9v\u00e9nementielle<\/span><\/strong><\/a>\n<a href=\"https:\/\/aigal-studio.ch\/en\/realisation-video-geneve\/\"><strong>\u2192 <u>R\u00e9alisation vid\u00e9o<\/u><\/strong><\/a>\n<a href=\"https:\/\/aigal-studio.ch\/en\/photographe-geneve\/portrait-professionnel\/\"><strong>\u2192 <span style=\"text-decoration: underline;\">Portraits professionnels<\/span><\/strong><\/a>\n<a href=\"https:\/\/aigal-studio.ch\/en\/contact\/\"><strong>\u2192 <span style=\"text-decoration: underline;\">Demander un devis<\/span><\/strong><\/a><\/div>\t\t\t\t\t\t\t\t<\/div>\n\t\t\t\t<div class=\"elementor-element elementor-element-7422ca4 elementor-fixed elementor-widget elementor-widget-image\" data-id=\"7422ca4\" data-element_type=\"widget\" data-e-type=\"widget\" data-settings=\"{&quot;_position&quot;:&quot;fixed&quot;}\" fetchpriority=\"high\" data-widget_type=\"image.default\">\n\t\t\t\t\t\t\t\t\t\t\t\t\t\t\t<img fetchpriority=\"high\" decoding=\"async\" width=\"800\" height=\"534\" src=\"https:\/\/aigal-studio.ch\/wp-content\/uploads\/2024\/04\/Aigal_231004200955_09613-1024x683.jpg\" class=\"attachment-large size-large wp-image-37522\" alt=\"Photographe \u00e9v\u00e9nementiel \u00e0 Gen\u00e8ve\" srcset=\"https:\/\/aigal-studio.ch\/wp-content\/uploads\/2024\/04\/Aigal_231004200955_09613-1024x683.jpg 1024w, https:\/\/aigal-studio.ch\/wp-content\/uploads\/2024\/04\/Aigal_231004200955_09613-300x200.jpg 300w, https:\/\/aigal-studio.ch\/wp-content\/uploads\/2024\/04\/Aigal_231004200955_09613-768x512.jpg 768w, https:\/\/aigal-studio.ch\/wp-content\/uploads\/2024\/04\/Aigal_231004200955_09613-1536x1024.jpg 1536w, https:\/\/aigal-studio.ch\/wp-content\/uploads\/2024\/04\/Aigal_231004200955_09613-2048x1365.jpg 2048w\" sizes=\"(max-width: 800px) 100vw, 800px\" \/>\t\t\t\t\t\t\t\t\t\t\t\t\t\t\t<\/div>\n\t\t\t\t<\/div>\n\t\t<div class=\"elementor-element elementor-element-0077136 e-con-full e-flex e-con e-child\" data-id=\"0077136\" data-element_type=\"container\" data-e-type=\"container\" id=\"services\" data-settings=\"{&quot;background_background&quot;:&quot;classic&quot;}\">\n\t\t\t\t<div class=\"elementor-element elementor-element-03ce98f elementor-widget__width-initial elementor-widget-tablet__width-inherit elementor-widget elementor-widget-text-editor\" data-id=\"03ce98f\" data-element_type=\"widget\" data-e-type=\"widget\" data-widget_type=\"text-editor.default\">\n\t\t\t\t\t\t\t\t\t<h2><a href=\"https:\/\/aigal-studio.ch\/en\/photographe-geneve\/\">Reportages photo<\/a> et <a href=\"https:\/\/aigal-studio.ch\/en\/realisation-video-geneve\/\">production vid\u00e9o<\/a> pour entreprises \u00e0 Gen\u00e8ve<\/h2><p>Aigal Studio accompagne les entreprises et organisations \u00e0 Gen\u00e8ve dans la cr\u00e9ation de contenus visuels professionnels. Nous r\u00e9alisons des reportages photo et des productions vid\u00e9o pour conf\u00e9rences, \u00e9v\u00e9nements d\u2019entreprise, portraits corporate et communication institutionnelle.<\/p>\t\t\t\t\t\t\t\t<\/div>\n\t\t<div class=\"elementor-element elementor-element-3c4ae9a e-con-full e-flex e-con e-child\" data-id=\"3c4ae9a\" data-element_type=\"container\" data-e-type=\"container\" data-settings=\"{&quot;background_background&quot;:&quot;gradient&quot;}\">\n\t\t\t\t<div class=\"elementor-element elementor-element-a70dde8 elementor-widget elementor-widget-text-editor\" data-id=\"a70dde8\" data-element_type=\"widget\" data-e-type=\"widget\" data-widget_type=\"text-editor.default\">\n\t\t\t\t\t\t\t\t\t<h3 style=\"text-align: left;\">Photographe \u00e0 Gen\u00e8ve<\/h3><p>Photographe professionnel \u00e0 Gen\u00e8ve, Aigal Studio r\u00e9alise des reportages photo pour les entreprises, conf\u00e9rences et \u00e9v\u00e9nements professionnels.<br \/>Nos images naturelles et dynamiques valorisent vos \u00e9v\u00e9nements et votre communication.<\/p><h4><a href=\"https:\/\/aigal-studio.ch\/en\/photographe-geneve\/evenementiel\/\"><br \/>\u2192 <span style=\"text-decoration: underline;\"><strong>\u00c9v\u00e9nements &amp; soir\u00e9es d&rsquo;entreprise<\/strong><\/span><br \/><\/a><\/h4><p>Photographe \u00e9v\u00e9nementiel \u00e0 Gen\u00e8ve pour cocktails, inaugurations, soir\u00e9es clients et lancements de produit.<br \/>Nous capturons les moments forts de vos \u00e9v\u00e9nements avec un style naturel et \u00e9l\u00e9gant.<\/p><h4><a href=\"https:\/\/aigal-studio.ch\/en\/photographe-geneve\/conference\/\">\u2192 <span style=\"text-decoration: underline;\"><strong>Conf\u00e9rences<\/strong><\/span><br \/><\/a><\/h4><p>Reportage photo professionnel pour conf\u00e9rences et s\u00e9minaires \u00e0 Gen\u00e8ve, mettant en valeur les intervenants, les \u00e9changes et l\u2019ambiance de votre \u00e9v\u00e9nement.<\/p><h4><a href=\"https:\/\/aigal-studio.ch\/en\/photographe-geneve\/portrait-professionnel\/\"><br \/>\u2192 <span style=\"text-decoration: underline;\"><strong>Portraits professionnels corporate<\/strong><\/span><br \/><\/a><\/h4><p>Portraits professionnels en studio ou directement dans vos locaux \u00e0 Gen\u00e8ve pour dirigeants, \u00e9quipes et communication corporate.<\/p>\t\t\t\t\t\t\t\t<\/div>\n\t\t\t\t<\/div>\n\t\t<div class=\"elementor-element elementor-element-eccecf2 e-con-full e-flex e-con e-child\" data-id=\"eccecf2\" data-element_type=\"container\" data-e-type=\"container\" data-settings=\"{&quot;background_background&quot;:&quot;gradient&quot;}\">\n\t\t\t\t<div class=\"elementor-element elementor-element-a1f9cdc elementor-widget elementor-widget-text-editor\" data-id=\"a1f9cdc\" data-element_type=\"widget\" data-e-type=\"widget\" data-widget_type=\"text-editor.default\">\n\t\t\t\t\t\t\t\t\t<h3 style=\"text-align: left;\">Vid\u00e9aste \u00e0 Gen\u00e8ve<\/h3><p>Vid\u00e9aste professionnel \u00e0 Gen\u00e8ve, Aigal Studio accompagne les entreprises et organisations dans la r\u00e9alisation de vid\u00e9os pour \u00e9v\u00e9nements, conf\u00e9rences et interviews corporate.<\/p><h4><a href=\"https:\/\/aigal-studio.ch\/en\/realisation-video-geneve\/\"><br \/>\u2192 <span style=\"text-decoration: underline;\"><strong>Vid\u00e9o \u00e9v\u00e9nementielle<\/strong><\/span><br \/><\/a><\/h4><p>Captation vid\u00e9o d\u2019\u00e9v\u00e9nements d\u2019entreprise, lancements de produits, s\u00e9minaires et soir\u00e9es clients avec un rendu professionnel adapt\u00e9 \u00e0 votre communication.<\/p><h4><a href=\"https:\/\/aigal-studio.ch\/en\/realisation-video-geneve\/\"><br \/>\u2192 <span style=\"text-decoration: underline;\"><strong>Captation de conf\u00e9rences<\/strong><\/span><br \/><\/a><\/h4><p>Production vid\u00e9o de conf\u00e9rences et s\u00e9minaires \u00e0 Gen\u00e8ve, capturant les interventions, l\u2019ambiance et les moments cl\u00e9s de votre \u00e9v\u00e9nement.<\/p><h4><a href=\"https:\/\/aigal-studio.ch\/en\/realisation-video-geneve\/\"><br \/>\u2192 <span style=\"text-decoration: underline;\"><strong>Interviews corporate<\/strong><\/span><br \/><\/a><\/h4><p>Interviews professionnelles multi-cam\u00e9ras r\u00e9alis\u00e9es dans vos locaux \u00e0 Gen\u00e8ve pour valoriser vos \u00e9quipes et votre communication.<\/p>\t\t\t\t\t\t\t\t<\/div>\n\t\t\t\t<\/div>\n\t\t\t\t<div class=\"elementor-element elementor-element-9c952f5 elementor-widget__width-initial elementor-widget-tablet__width-inherit elementor-widget elementor-widget-text-editor\" data-id=\"9c952f5\" data-element_type=\"widget\" data-e-type=\"widget\" data-widget_type=\"text-editor.default\">\n\t\t\t\t\t\t\t\t\t<h2>Reportages photo et vid\u00e9o r\u00e9cents<\/h2>\n\n<p>\nD\u00e9couvrez quelques-uns de nos derniers reportages photo et projets vid\u00e9o r\u00e9alis\u00e9s pour des entreprises, conf\u00e9rences et \u00e9v\u00e9nements professionnels \u00e0 Gen\u00e8ve et en Suisse.\n<\/p>\t\t\t\t\t\t\t\t<\/div>\n\t\t\t\t<div class=\"elementor-element elementor-element-969818e elementor-arrows-position-outside elementor-widget elementor-widget-loop-carousel\" data-id=\"969818e\" data-element_type=\"widget\" data-e-type=\"widget\" data-settings=\"{&quot;template_id&quot;:&quot;35984&quot;,&quot;autoplay_speed&quot;:6000,&quot;image_spacing_custom&quot;:{&quot;unit&quot;:&quot;px&quot;,&quot;size&quot;:20,&quot;sizes&quot;:[]},&quot;_skin&quot;:&quot;post&quot;,&quot;slides_to_show&quot;:&quot;3&quot;,&quot;slides_to_show_mobile&quot;:&quot;1&quot;,&quot;slides_to_scroll&quot;:&quot;1&quot;,&quot;edit_handle_selector&quot;:&quot;.elementor-loop-container&quot;,&quot;autoplay&quot;:&quot;yes&quot;,&quot;pause_on_hover&quot;:&quot;yes&quot;,&quot;pause_on_interaction&quot;:&quot;yes&quot;,&quot;infinite&quot;:&quot;yes&quot;,&quot;speed&quot;:500,&quot;offset_sides&quot;:&quot;none&quot;,&quot;arrows&quot;:&quot;yes&quot;,&quot;image_spacing_custom_tablet&quot;:{&quot;unit&quot;:&quot;px&quot;,&quot;size&quot;:&quot;&quot;,&quot;sizes&quot;:[]},&quot;image_spacing_custom_mobile&quot;:{&quot;unit&quot;:&quot;px&quot;,&quot;size&quot;:&quot;&quot;,&quot;sizes&quot;:[]}}\" data-widget_type=\"loop-carousel.post\">\n\t\t\t\t\t\t\t<div class=\"swiper elementor-loop-container elementor-grid\" role=\"list\" dir=\"ltr\">\n\t\t\t\t<div class=\"swiper-wrapper\" aria-live=\"off\">\n\t\t<style id=\"loop-35984\">.elementor-35984 .elementor-element.elementor-element-1e572fc{--display:flex;--gap:1em 1em;--row-gap:1em;--column-gap:1em;border-style:solid;--border-style:solid;border-width:2px 2px 2px 2px;--border-top-width:2px;--border-right-width:2px;--border-bottom-width:2px;--border-left-width:2px;border-color:var( --e-global-color-primary );--border-color:var( --e-global-color-primary );--border-radius:40px 40px 40px 40px;--padding-top:0px;--padding-bottom:0px;--padding-left:0px;--padding-right:0px;--z-index:1;}.elementor-35984 .elementor-element.elementor-element-1e572fc:not(.elementor-motion-effects-element-type-background), .elementor-35984 .elementor-element.elementor-element-1e572fc > .elementor-motion-effects-container > .elementor-motion-effects-layer{background-color:var( --e-global-color-primary );}.elementor-35984 .elementor-element.elementor-element-1e572fc:hover{box-shadow:0px 0px 10px 0px rgba(22.100000000000012, 22.100000000000012, 22.100000000000012, 0.78);}.elementor-35984 .elementor-element.elementor-element-475e742 img{width:100%;height:180px;object-fit:cover;object-position:center center;border-radius:38px 38px 0px 0px;}.elementor-35984 .elementor-element.elementor-element-54330b7 .elementor-heading-title{color:var( --e-global-color-secondary );}.elementor-35984 .elementor-element.elementor-element-54330b7{padding:20px 20px 00px 20px;}.elementor-35984 .elementor-element.elementor-element-81cdc18{font-size:var( --e-global-typography-text-font-size );font-weight:var( --e-global-typography-text-font-weight );color:var( --e-global-color-secondary );margin:0px 0px calc(var(--kit-widget-spacing, 0px) + 0px) 0px;padding:0px 20px 0px 20px;}.elementor-35984 .elementor-element.elementor-element-b84713e .elementor-button-content-wrapper{flex-direction:row-reverse;}.elementor-35984 .elementor-element.elementor-element-b84713e .elementor-button .elementor-button-content-wrapper{gap:10px;}.elementor-35984 .elementor-element.elementor-element-b84713e .elementor-button{font-size:var( --e-global-typography-accent-font-size );font-weight:var( --e-global-typography-accent-font-weight );fill:var( --e-global-color-accent );color:var( --e-global-color-accent );background-color:rgba(255,255,255,0);padding:0px 0px 0px 0px;}.elementor-35984 .elementor-element.elementor-element-b84713e .elementor-button:hover, .elementor-35984 .elementor-element.elementor-element-b84713e .elementor-button:focus{color:var( --e-global-color-primary );}.elementor-35984 .elementor-element.elementor-element-b84713e .elementor-button:hover svg, .elementor-35984 .elementor-element.elementor-element-b84713e .elementor-button:focus svg{fill:var( --e-global-color-primary );}.elementor-35984 .elementor-element.elementor-element-b84713e{padding:0px 20px 0px 20px;}.elementor-35984 .elementor-element.elementor-element-c875b41 .elementor-icon-list-items:not(.elementor-inline-items) .elementor-icon-list-item:not(:last-child){padding-bottom:calc(0px\/2);}.elementor-35984 .elementor-element.elementor-element-c875b41 .elementor-icon-list-items:not(.elementor-inline-items) .elementor-icon-list-item:not(:first-child){margin-top:calc(0px\/2);}.elementor-35984 .elementor-element.elementor-element-c875b41 .elementor-icon-list-items.elementor-inline-items .elementor-icon-list-item{margin-right:calc(0px\/2);margin-left:calc(0px\/2);}.elementor-35984 .elementor-element.elementor-element-c875b41 .elementor-icon-list-items.elementor-inline-items{margin-right:calc(-0px\/2);margin-left:calc(-0px\/2);}body.rtl .elementor-35984 .elementor-element.elementor-element-c875b41 .elementor-icon-list-items.elementor-inline-items .elementor-icon-list-item:after{left:calc(-0px\/2);}body:not(.rtl) .elementor-35984 .elementor-element.elementor-element-c875b41 .elementor-icon-list-items.elementor-inline-items .elementor-icon-list-item:after{right:calc(-0px\/2);}.elementor-35984 .elementor-element.elementor-element-c875b41 .elementor-icon-list-icon i{color:var( --e-global-color-text );font-size:14px;}.elementor-35984 .elementor-element.elementor-element-c875b41 .elementor-icon-list-icon svg{fill:var( --e-global-color-text );--e-icon-list-icon-size:14px;}.elementor-35984 .elementor-element.elementor-element-c875b41 .elementor-icon-list-icon{width:14px;}body:not(.rtl) .elementor-35984 .elementor-element.elementor-element-c875b41 .elementor-icon-list-text{padding-left:0px;}body.rtl .elementor-35984 .elementor-element.elementor-element-c875b41 .elementor-icon-list-text{padding-right:0px;}.elementor-35984 .elementor-element.elementor-element-c875b41 .elementor-icon-list-text, .elementor-35984 .elementor-element.elementor-element-c875b41 .elementor-icon-list-text a{color:var( --e-global-color-secondary );}.elementor-35984 .elementor-element.elementor-element-c875b41 .elementor-icon-list-item{font-size:14px;font-weight:normal;}.elementor-35984 .elementor-element.elementor-element-c875b41{padding:0px 20px 20px 20px;}@media(max-width:1024px){.elementor-35984 .elementor-element.elementor-element-81cdc18{font-size:var( --e-global-typography-text-font-size );}.elementor-35984 .elementor-element.elementor-element-b84713e .elementor-button{font-size:var( --e-global-typography-accent-font-size );}.elementor-35984 .elementor-element.elementor-element-c875b41 .elementor-icon-list-item{font-size:16px;}}@media(max-width:767px){.elementor-35984 .elementor-element.elementor-element-81cdc18{font-size:var( --e-global-typography-text-font-size );}.elementor-35984 .elementor-element.elementor-element-b84713e .elementor-button{font-size:var( --e-global-typography-accent-font-size );}.elementor-35984 .elementor-element.elementor-element-b84713e{width:var( --container-widget-width, 100% );max-width:100%;--container-widget-width:100%;--container-widget-flex-grow:0;}}<\/style>\t\t<div data-elementor-type=\"loop-item\" data-elementor-id=\"35984\" class=\"elementor elementor-35984 swiper-slide e-loop-item e-loop-item-39800 post-39800 post type-post status-publish format-standard has-post-thumbnail hentry category-geneve tag-administration tag-corporate tag-evenementiel tag-geneve tag-non-profit tag-ong tag-photographe\" data-elementor-post-type=\"elementor_library\" role=\"group\" aria-roledescription=\"slide\" data-custom-edit-handle=\"1\">\n\t\t\t<div class=\"elementor-element elementor-element-1e572fc e-con-full e-flex e-con e-child\" data-id=\"1e572fc\" data-element_type=\"container\" data-e-type=\"container\" data-settings=\"{&quot;background_background&quot;:&quot;classic&quot;}\">\n\t\t\t\t<div class=\"elementor-element elementor-element-475e742 elementor-widget elementor-widget-image\" data-id=\"475e742\" data-element_type=\"widget\" data-e-type=\"widget\" data-widget_type=\"image.default\">\n\t\t\t\t\t\t\t\t\t\t\t\t\t\t\t<img decoding=\"async\" width=\"300\" height=\"200\" src=\"https:\/\/aigal-studio.ch\/wp-content\/uploads\/2024\/03\/Aigal_0025_00989-300x200.jpg\" class=\"attachment-medium size-medium wp-image-35795\" alt=\"\" srcset=\"https:\/\/aigal-studio.ch\/wp-content\/uploads\/2024\/03\/Aigal_0025_00989-300x200.jpg 300w, https:\/\/aigal-studio.ch\/wp-content\/uploads\/2024\/03\/Aigal_0025_00989-1024x683.jpg 1024w, https:\/\/aigal-studio.ch\/wp-content\/uploads\/2024\/03\/Aigal_0025_00989-768x512.jpg 768w, https:\/\/aigal-studio.ch\/wp-content\/uploads\/2024\/03\/Aigal_0025_00989-1536x1025.jpg 1536w, https:\/\/aigal-studio.ch\/wp-content\/uploads\/2024\/03\/Aigal_0025_00989-2048x1366.jpg 2048w\" sizes=\"(max-width: 300px) 100vw, 300px\" \/>\t\t\t\t\t\t\t\t\t\t\t\t\t\t\t<\/div>\n\t\t\t\t<div class=\"elementor-element elementor-element-54330b7 elementor-widget elementor-widget-heading\" data-id=\"54330b7\" data-element_type=\"widget\" data-e-type=\"widget\" data-widget_type=\"heading.default\">\n\t\t\t\t\t<h4 class=\"elementor-heading-title elementor-size-default\"><a href=\"https:\/\/aigal-studio.ch\/en\/prix-photographe-geneve\/\">Quel est le prix d\u2019un photographe professionnel \u00e0 Gen\u00e8ve ?<\/a><\/h4>\t\t\t\t<\/div>\n\t\t\t\t<div class=\"elementor-element elementor-element-81cdc18 elementor-widget elementor-widget-text-editor\" data-id=\"81cdc18\" data-element_type=\"widget\" data-e-type=\"widget\" data-widget_type=\"text-editor.default\">\n\t\t\t\t\t\t\t\t\tPlongez dans l\u2019ambiance festive du march\u00e9 de No\u00ebl de Lancy \u00e0 travers ce reportage photo, capturant les moments cl\u00e9s de l\u2019\u00e9v\u00e9nement et l\u2019esprit chaleureux des f\u00eates.\t\t\t\t\t\t\t\t<\/div>\n\t\t\t\t<div class=\"elementor-element elementor-element-b84713e elementor-widget-mobile__width-initial elementor-widget elementor-widget-button\" data-id=\"b84713e\" data-element_type=\"widget\" data-e-type=\"widget\" data-widget_type=\"button.default\">\n\t\t\t\t\t\t\t\t\t\t<a class=\"elementor-button elementor-button-link elementor-size-sm\" href=\"https:\/\/aigal-studio.ch\/en\/prix-photographe-geneve\/\">\n\t\t\t\t\t\t<span class=\"elementor-button-content-wrapper\">\n\t\t\t\t\t\t<span class=\"elementor-button-icon\">\n\t\t\t\t<svg aria-hidden=\"true\" class=\"e-font-icon-svg e-fas-arrow-right\" viewbox=\"0 0 448 512\" xmlns=\"http:\/\/www.w3.org\/2000\/svg\"><path d=\"M190.5 66.9l22.2-22.2c9.4-9.4 24.6-9.4 33.9 0L441 239c9.4 9.4 9.4 24.6 0 33.9L246.6 467.3c-9.4 9.4-24.6 9.4-33.9 0l-22.2-22.2c-9.5-9.5-9.3-25 .4-34.3L311.4 296H24c-13.3 0-24-10.7-24-24v-32c0-13.3 10.7-24 24-24h287.4L190.9 101.2c-9.8-9.3-10-24.8-.4-34.3z\"><\/path><\/svg>\t\t\t<\/span>\n\t\t\t\t\t\t\t\t\t<span class=\"elementor-button-text\">D\u00e9couvrir<\/span>\n\t\t\t\t\t<\/span>\n\t\t\t\t\t<\/a>\n\t\t\t\t\t\t\t\t<\/div>\n\t\t\t\t<div class=\"elementor-element elementor-element-c875b41 elementor-widget elementor-widget-post-info\" data-id=\"c875b41\" data-element_type=\"widget\" data-e-type=\"widget\" data-widget_type=\"post-info.default\">\n\t\t\t\t\t\t\t<ul class=\"elementor-inline-items elementor-icon-list-items elementor-post-info\">\n\t\t\t\t\t\t\t\t<li class=\"elementor-icon-list-item elementor-repeater-item-3513f51 elementor-inline-item\" itemprop=\"author\">\n\t\t\t\t\t\t\t\t\t\t\t\t\t<span class=\"elementor-icon-list-text elementor-post-info__item elementor-post-info__item--type-author\">\n\t\t\t\t\t\t\t<span class=\"elementor-post-info__item-prefix\">Par<\/span>\n\t\t\t\t\t\t\t\t\t\tEmeric Caron\t\t\t\t\t<\/span>\n\t\t\t\t\t\t\t\t<\/li>\n\t\t\t\t<li class=\"elementor-icon-list-item elementor-repeater-item-d4acc60 elementor-inline-item\" itemprop=\"datePublished\">\n\t\t\t\t\t\t\t\t\t\t\t\t\t<span class=\"elementor-icon-list-text elementor-post-info__item elementor-post-info__item--type-date\">\n\t\t\t\t\t\t\t<span class=\"elementor-post-info__item-prefix\">, le <\/span>\n\t\t\t\t\t\t\t\t\t\t<time>24 April 2025.<\/time>\t\t\t\t\t<\/span>\n\t\t\t\t\t\t\t\t<\/li>\n\t\t\t\t<li class=\"elementor-icon-list-item elementor-repeater-item-d963734 elementor-inline-item\" itemprop=\"about\">\n\t\t\t\t\t\t\t\t\t\t\t\t\t<span class=\"elementor-icon-list-text elementor-post-info__item elementor-post-info__item--type-terms\">\n\t\t\t\t\t\t\t<span class=\"elementor-post-info__item-prefix\">Tags :<\/span>\n\t\t\t\t\t\t\t\t\t\t<span class=\"elementor-post-info__terms-list\">\n\t\t\t\t<span class=\"elementor-post-info__terms-list-item\">Administration<\/span>, <span class=\"elementor-post-info__terms-list-item\">Corporate<\/span>, <span class=\"elementor-post-info__terms-list-item\">\u00c9v\u00e9nementiel<\/span>, <span class=\"elementor-post-info__terms-list-item\">Gen\u00e8ve<\/span>, <span class=\"elementor-post-info__terms-list-item\">Non-Profit<\/span>, <span class=\"elementor-post-info__terms-list-item\">ONG<\/span>, <span class=\"elementor-post-info__terms-list-item\">Photographe<\/span>\t\t\t\t<\/span>\n\t\t\t\t\t<\/span>\n\t\t\t\t\t\t\t\t<\/li>\n\t\t\t\t<\/ul>\n\t\t\t\t\t\t<\/div>\n\t\t\t\t<\/div>\n\t\t\t\t<\/div>\n\t\t\t\t<div data-elementor-type=\"loop-item\" data-elementor-id=\"35984\" class=\"elementor elementor-35984 swiper-slide e-loop-item e-loop-item-39136 post-39136 post type-post status-publish format-standard has-post-thumbnail hentry category-realisation-video tag-geneve tag-interviews tag-non-profit tag-ong tag-organisation\" data-elementor-post-type=\"elementor_library\" role=\"group\" aria-roledescription=\"slide\" data-custom-edit-handle=\"1\">\n\t\t\t<div class=\"elementor-element elementor-element-1e572fc e-con-full e-flex e-con e-child\" data-id=\"1e572fc\" data-element_type=\"container\" data-e-type=\"container\" data-settings=\"{&quot;background_background&quot;:&quot;classic&quot;}\">\n\t\t\t\t<div class=\"elementor-element elementor-element-475e742 elementor-widget elementor-widget-image\" data-id=\"475e742\" data-element_type=\"widget\" data-e-type=\"widget\" data-widget_type=\"image.default\">\n\t\t\t\t\t\t\t\t\t\t\t\t\t\t\t<img decoding=\"async\" width=\"300\" height=\"169\" src=\"https:\/\/aigal-studio.ch\/wp-content\/uploads\/2025\/03\/EITI_2-300x169.jpeg\" class=\"attachment-medium size-medium wp-image-39159\" alt=\"\" srcset=\"https:\/\/aigal-studio.ch\/wp-content\/uploads\/2025\/03\/EITI_2-300x169.jpeg 300w, https:\/\/aigal-studio.ch\/wp-content\/uploads\/2025\/03\/EITI_2-1024x576.jpeg 1024w, https:\/\/aigal-studio.ch\/wp-content\/uploads\/2025\/03\/EITI_2-768x432.jpeg 768w, https:\/\/aigal-studio.ch\/wp-content\/uploads\/2025\/03\/EITI_2-1536x864.jpeg 1536w, https:\/\/aigal-studio.ch\/wp-content\/uploads\/2025\/03\/EITI_2.jpeg 1920w\" sizes=\"(max-width: 300px) 100vw, 300px\" \/>\t\t\t\t\t\t\t\t\t\t\t\t\t\t\t<\/div>\n\t\t\t\t<div class=\"elementor-element elementor-element-54330b7 elementor-widget elementor-widget-heading\" data-id=\"54330b7\" data-element_type=\"widget\" data-e-type=\"widget\" data-widget_type=\"heading.default\">\n\t\t\t\t\t<h4 class=\"elementor-heading-title elementor-size-default\"><a href=\"https:\/\/aigal-studio.ch\/en\/une-serie-de-videos-interviews-realisees-pour-organisation-leiti\/\">Une s\u00e9rie de vid\u00e9os d&rsquo;interviews r\u00e9alis\u00e9es pour l&rsquo;organisation l&rsquo;EITI \u00e0 l&rsquo;h\u00f4tel Hilton Gen\u00e8ve<\/a><\/h4>\t\t\t\t<\/div>\n\t\t\t\t<div class=\"elementor-element elementor-element-81cdc18 elementor-widget elementor-widget-text-editor\" data-id=\"81cdc18\" data-element_type=\"widget\" data-e-type=\"widget\" data-widget_type=\"text-editor.default\">\n\t\t\t\t\t\t\t\t\tPlongez dans l\u2019ambiance festive du march\u00e9 de No\u00ebl de Lancy \u00e0 travers ce reportage photo, capturant les moments cl\u00e9s de l\u2019\u00e9v\u00e9nement et l\u2019esprit chaleureux des f\u00eates.\t\t\t\t\t\t\t\t<\/div>\n\t\t\t\t<div class=\"elementor-element elementor-element-b84713e elementor-widget-mobile__width-initial elementor-widget elementor-widget-button\" data-id=\"b84713e\" data-element_type=\"widget\" data-e-type=\"widget\" data-widget_type=\"button.default\">\n\t\t\t\t\t\t\t\t\t\t<a class=\"elementor-button elementor-button-link elementor-size-sm\" href=\"https:\/\/aigal-studio.ch\/en\/une-serie-de-videos-interviews-realisees-pour-organisation-leiti\/\">\n\t\t\t\t\t\t<span class=\"elementor-button-content-wrapper\">\n\t\t\t\t\t\t<span class=\"elementor-button-icon\">\n\t\t\t\t<svg aria-hidden=\"true\" class=\"e-font-icon-svg e-fas-arrow-right\" viewbox=\"0 0 448 512\" xmlns=\"http:\/\/www.w3.org\/2000\/svg\"><path d=\"M190.5 66.9l22.2-22.2c9.4-9.4 24.6-9.4 33.9 0L441 239c9.4 9.4 9.4 24.6 0 33.9L246.6 467.3c-9.4 9.4-24.6 9.4-33.9 0l-22.2-22.2c-9.5-9.5-9.3-25 .4-34.3L311.4 296H24c-13.3 0-24-10.7-24-24v-32c0-13.3 10.7-24 24-24h287.4L190.9 101.2c-9.8-9.3-10-24.8-.4-34.3z\"><\/path><\/svg>\t\t\t<\/span>\n\t\t\t\t\t\t\t\t\t<span class=\"elementor-button-text\">D\u00e9couvrir<\/span>\n\t\t\t\t\t<\/span>\n\t\t\t\t\t<\/a>\n\t\t\t\t\t\t\t\t<\/div>\n\t\t\t\t<div class=\"elementor-element elementor-element-c875b41 elementor-widget elementor-widget-post-info\" data-id=\"c875b41\" data-element_type=\"widget\" data-e-type=\"widget\" data-widget_type=\"post-info.default\">\n\t\t\t\t\t\t\t<ul class=\"elementor-inline-items elementor-icon-list-items elementor-post-info\">\n\t\t\t\t\t\t\t\t<li class=\"elementor-icon-list-item elementor-repeater-item-3513f51 elementor-inline-item\" itemprop=\"author\">\n\t\t\t\t\t\t\t\t\t\t\t\t\t<span class=\"elementor-icon-list-text elementor-post-info__item elementor-post-info__item--type-author\">\n\t\t\t\t\t\t\t<span class=\"elementor-post-info__item-prefix\">Par<\/span>\n\t\t\t\t\t\t\t\t\t\tEmeric Caron\t\t\t\t\t<\/span>\n\t\t\t\t\t\t\t\t<\/li>\n\t\t\t\t<li class=\"elementor-icon-list-item elementor-repeater-item-d4acc60 elementor-inline-item\" itemprop=\"datePublished\">\n\t\t\t\t\t\t\t\t\t\t\t\t\t<span class=\"elementor-icon-list-text elementor-post-info__item elementor-post-info__item--type-date\">\n\t\t\t\t\t\t\t<span class=\"elementor-post-info__item-prefix\">, le <\/span>\n\t\t\t\t\t\t\t\t\t\t<time>13 March 2025.<\/time>\t\t\t\t\t<\/span>\n\t\t\t\t\t\t\t\t<\/li>\n\t\t\t\t<li class=\"elementor-icon-list-item elementor-repeater-item-d963734 elementor-inline-item\" itemprop=\"about\">\n\t\t\t\t\t\t\t\t\t\t\t\t\t<span class=\"elementor-icon-list-text elementor-post-info__item elementor-post-info__item--type-terms\">\n\t\t\t\t\t\t\t<span class=\"elementor-post-info__item-prefix\">Tags :<\/span>\n\t\t\t\t\t\t\t\t\t\t<span class=\"elementor-post-info__terms-list\">\n\t\t\t\t<span class=\"elementor-post-info__terms-list-item\">Gen\u00e8ve<\/span>, <span class=\"elementor-post-info__terms-list-item\">Interviews<\/span>, <span class=\"elementor-post-info__terms-list-item\">Non-Profit<\/span>, <span class=\"elementor-post-info__terms-list-item\">ONG<\/span>, <span class=\"elementor-post-info__terms-list-item\">Organisation<\/span>\t\t\t\t<\/span>\n\t\t\t\t\t<\/span>\n\t\t\t\t\t\t\t\t<\/li>\n\t\t\t\t<\/ul>\n\t\t\t\t\t\t<\/div>\n\t\t\t\t<\/div>\n\t\t\t\t<\/div>\n\t\t\t\t<div data-elementor-type=\"loop-item\" data-elementor-id=\"35984\" class=\"elementor elementor-35984 swiper-slide e-loop-item e-loop-item-38515 post-38515 post type-post status-publish format-standard has-post-thumbnail hentry category-geneve tag-administration tag-evenementiel tag-geneve tag-lancy tag-ville\" data-elementor-post-type=\"elementor_library\" role=\"group\" aria-roledescription=\"slide\" data-custom-edit-handle=\"1\">\n\t\t\t<div class=\"elementor-element elementor-element-1e572fc e-con-full e-flex e-con e-child\" data-id=\"1e572fc\" data-element_type=\"container\" data-e-type=\"container\" data-settings=\"{&quot;background_background&quot;:&quot;classic&quot;}\">\n\t\t\t\t<div class=\"elementor-element elementor-element-475e742 elementor-widget elementor-widget-image\" data-id=\"475e742\" data-element_type=\"widget\" data-e-type=\"widget\" data-widget_type=\"image.default\">\n\t\t\t\t\t\t\t\t\t\t\t\t\t\t\t<img loading=\"lazy\" decoding=\"async\" width=\"300\" height=\"200\" src=\"https:\/\/aigal-studio.ch\/wp-content\/uploads\/2024\/12\/Aigal_071922_01935-300x200.jpg\" class=\"attachment-medium size-medium wp-image-38961\" alt=\"\" srcset=\"https:\/\/aigal-studio.ch\/wp-content\/uploads\/2024\/12\/Aigal_071922_01935-300x200.jpg 300w, https:\/\/aigal-studio.ch\/wp-content\/uploads\/2024\/12\/Aigal_071922_01935-1024x683.jpg 1024w, https:\/\/aigal-studio.ch\/wp-content\/uploads\/2024\/12\/Aigal_071922_01935-768x512.jpg 768w, https:\/\/aigal-studio.ch\/wp-content\/uploads\/2024\/12\/Aigal_071922_01935-1536x1024.jpg 1536w, https:\/\/aigal-studio.ch\/wp-content\/uploads\/2024\/12\/Aigal_071922_01935-2048x1365.jpg 2048w\" sizes=\"(max-width: 300px) 100vw, 300px\" \/>\t\t\t\t\t\t\t\t\t\t\t\t\t\t\t<\/div>\n\t\t\t\t<div class=\"elementor-element elementor-element-54330b7 elementor-widget elementor-widget-heading\" data-id=\"54330b7\" data-element_type=\"widget\" data-e-type=\"widget\" data-widget_type=\"heading.default\">\n\t\t\t\t\t<h4 class=\"elementor-heading-title elementor-size-default\"><a href=\"https:\/\/aigal-studio.ch\/en\/reportage-photo-et-video-evenementiel-au-beau-rivage-palace-a-lausanne\/\">Reportage photo et vid\u00e9o \u00e9v\u00e9nementiel au Beau-Rivage Palace \u00e0 Lausanne<\/a><\/h4>\t\t\t\t<\/div>\n\t\t\t\t<div class=\"elementor-element elementor-element-81cdc18 elementor-widget elementor-widget-text-editor\" data-id=\"81cdc18\" data-element_type=\"widget\" data-e-type=\"widget\" data-widget_type=\"text-editor.default\">\n\t\t\t\t\t\t\t\t\tPlongez dans l\u2019ambiance festive du march\u00e9 de No\u00ebl de Lancy \u00e0 travers ce reportage photo, capturant les moments cl\u00e9s de l\u2019\u00e9v\u00e9nement et l\u2019esprit chaleureux des f\u00eates.\t\t\t\t\t\t\t\t<\/div>\n\t\t\t\t<div class=\"elementor-element elementor-element-b84713e elementor-widget-mobile__width-initial elementor-widget elementor-widget-button\" data-id=\"b84713e\" data-element_type=\"widget\" data-e-type=\"widget\" data-widget_type=\"button.default\">\n\t\t\t\t\t\t\t\t\t\t<a class=\"elementor-button elementor-button-link elementor-size-sm\" href=\"https:\/\/aigal-studio.ch\/en\/reportage-photo-et-video-evenementiel-au-beau-rivage-palace-a-lausanne\/\">\n\t\t\t\t\t\t<span class=\"elementor-button-content-wrapper\">\n\t\t\t\t\t\t<span class=\"elementor-button-icon\">\n\t\t\t\t<svg aria-hidden=\"true\" class=\"e-font-icon-svg e-fas-arrow-right\" viewbox=\"0 0 448 512\" xmlns=\"http:\/\/www.w3.org\/2000\/svg\"><path d=\"M190.5 66.9l22.2-22.2c9.4-9.4 24.6-9.4 33.9 0L441 239c9.4 9.4 9.4 24.6 0 33.9L246.6 467.3c-9.4 9.4-24.6 9.4-33.9 0l-22.2-22.2c-9.5-9.5-9.3-25 .4-34.3L311.4 296H24c-13.3 0-24-10.7-24-24v-32c0-13.3 10.7-24 24-24h287.4L190.9 101.2c-9.8-9.3-10-24.8-.4-34.3z\"><\/path><\/svg>\t\t\t<\/span>\n\t\t\t\t\t\t\t\t\t<span class=\"elementor-button-text\">D\u00e9couvrir<\/span>\n\t\t\t\t\t<\/span>\n\t\t\t\t\t<\/a>\n\t\t\t\t\t\t\t\t<\/div>\n\t\t\t\t<div class=\"elementor-element elementor-element-c875b41 elementor-widget elementor-widget-post-info\" data-id=\"c875b41\" data-element_type=\"widget\" data-e-type=\"widget\" data-widget_type=\"post-info.default\">\n\t\t\t\t\t\t\t<ul class=\"elementor-inline-items elementor-icon-list-items elementor-post-info\">\n\t\t\t\t\t\t\t\t<li class=\"elementor-icon-list-item elementor-repeater-item-3513f51 elementor-inline-item\" itemprop=\"author\">\n\t\t\t\t\t\t\t\t\t\t\t\t\t<span class=\"elementor-icon-list-text elementor-post-info__item elementor-post-info__item--type-author\">\n\t\t\t\t\t\t\t<span class=\"elementor-post-info__item-prefix\">Par<\/span>\n\t\t\t\t\t\t\t\t\t\tEmeric Caron\t\t\t\t\t<\/span>\n\t\t\t\t\t\t\t\t<\/li>\n\t\t\t\t<li class=\"elementor-icon-list-item elementor-repeater-item-d4acc60 elementor-inline-item\" itemprop=\"datePublished\">\n\t\t\t\t\t\t\t\t\t\t\t\t\t<span class=\"elementor-icon-list-text elementor-post-info__item elementor-post-info__item--type-date\">\n\t\t\t\t\t\t\t<span class=\"elementor-post-info__item-prefix\">, le <\/span>\n\t\t\t\t\t\t\t\t\t\t<time>4 March 2025.<\/time>\t\t\t\t\t<\/span>\n\t\t\t\t\t\t\t\t<\/li>\n\t\t\t\t<li class=\"elementor-icon-list-item elementor-repeater-item-d963734 elementor-inline-item\" itemprop=\"about\">\n\t\t\t\t\t\t\t\t\t\t\t\t\t<span class=\"elementor-icon-list-text elementor-post-info__item elementor-post-info__item--type-terms\">\n\t\t\t\t\t\t\t<span class=\"elementor-post-info__item-prefix\">Tags :<\/span>\n\t\t\t\t\t\t\t\t\t\t<span class=\"elementor-post-info__terms-list\">\n\t\t\t\t<span class=\"elementor-post-info__terms-list-item\">Administration<\/span>, <span class=\"elementor-post-info__terms-list-item\">\u00c9v\u00e9nementiel<\/span>, <span class=\"elementor-post-info__terms-list-item\">Gen\u00e8ve<\/span>, <span class=\"elementor-post-info__terms-list-item\">Lancy<\/span>, <span class=\"elementor-post-info__terms-list-item\">Ville<\/span>\t\t\t\t<\/span>\n\t\t\t\t\t<\/span>\n\t\t\t\t\t\t\t\t<\/li>\n\t\t\t\t<\/ul>\n\t\t\t\t\t\t<\/div>\n\t\t\t\t<\/div>\n\t\t\t\t<\/div>\n\t\t\t\t<div data-elementor-type=\"loop-item\" data-elementor-id=\"35984\" class=\"elementor elementor-35984 swiper-slide e-loop-item e-loop-item-38478 post-38478 post type-post status-publish format-standard has-post-thumbnail hentry category-geneve tag-administration tag-evenementiel tag-geneve tag-lancy tag-ville\" data-elementor-post-type=\"elementor_library\" role=\"group\" aria-roledescription=\"slide\" data-custom-edit-handle=\"1\">\n\t\t\t<div class=\"elementor-element elementor-element-1e572fc e-con-full e-flex e-con e-child\" data-id=\"1e572fc\" data-element_type=\"container\" data-e-type=\"container\" data-settings=\"{&quot;background_background&quot;:&quot;classic&quot;}\">\n\t\t\t\t<div class=\"elementor-element elementor-element-475e742 elementor-widget elementor-widget-image\" data-id=\"475e742\" data-element_type=\"widget\" data-e-type=\"widget\" data-widget_type=\"image.default\">\n\t\t\t\t\t\t\t\t\t\t\t\t\t\t\t<img loading=\"lazy\" decoding=\"async\" width=\"300\" height=\"200\" src=\"https:\/\/aigal-studio.ch\/wp-content\/uploads\/2024\/12\/Aigal_271856_06088-300x200.jpg\" class=\"attachment-medium size-medium wp-image-38480\" alt=\"Photographe \u00e9v\u00e9nementiel Lancy\" srcset=\"https:\/\/aigal-studio.ch\/wp-content\/uploads\/2024\/12\/Aigal_271856_06088-300x200.jpg 300w, https:\/\/aigal-studio.ch\/wp-content\/uploads\/2024\/12\/Aigal_271856_06088-1024x683.jpg 1024w, https:\/\/aigal-studio.ch\/wp-content\/uploads\/2024\/12\/Aigal_271856_06088-768x512.jpg 768w, https:\/\/aigal-studio.ch\/wp-content\/uploads\/2024\/12\/Aigal_271856_06088-1536x1024.jpg 1536w, https:\/\/aigal-studio.ch\/wp-content\/uploads\/2024\/12\/Aigal_271856_06088-2048x1365.jpg 2048w\" sizes=\"(max-width: 300px) 100vw, 300px\" \/>\t\t\t\t\t\t\t\t\t\t\t\t\t\t\t<\/div>\n\t\t\t\t<div class=\"elementor-element elementor-element-54330b7 elementor-widget elementor-widget-heading\" data-id=\"54330b7\" data-element_type=\"widget\" data-e-type=\"widget\" data-widget_type=\"heading.default\">\n\t\t\t\t\t<h4 class=\"elementor-heading-title elementor-size-default\"><a href=\"https:\/\/aigal-studio.ch\/en\/reportage-photo-du-marche-de-noel-de-lancy\/\">Reportage photo au march\u00e9 de No\u00ebl de la ville de Lancy<\/a><\/h4>\t\t\t\t<\/div>\n\t\t\t\t<div class=\"elementor-element elementor-element-81cdc18 elementor-widget elementor-widget-text-editor\" data-id=\"81cdc18\" data-element_type=\"widget\" data-e-type=\"widget\" data-widget_type=\"text-editor.default\">\n\t\t\t\t\t\t\t\t\tPlongez dans l\u2019ambiance festive du march\u00e9 de No\u00ebl de Lancy \u00e0 travers ce reportage photo, capturant les moments cl\u00e9s de l\u2019\u00e9v\u00e9nement et l\u2019esprit chaleureux des f\u00eates.\t\t\t\t\t\t\t\t<\/div>\n\t\t\t\t<div class=\"elementor-element elementor-element-b84713e elementor-widget-mobile__width-initial elementor-widget elementor-widget-button\" data-id=\"b84713e\" data-element_type=\"widget\" data-e-type=\"widget\" data-widget_type=\"button.default\">\n\t\t\t\t\t\t\t\t\t\t<a class=\"elementor-button elementor-button-link elementor-size-sm\" href=\"https:\/\/aigal-studio.ch\/en\/reportage-photo-du-marche-de-noel-de-lancy\/\">\n\t\t\t\t\t\t<span class=\"elementor-button-content-wrapper\">\n\t\t\t\t\t\t<span class=\"elementor-button-icon\">\n\t\t\t\t<svg aria-hidden=\"true\" class=\"e-font-icon-svg e-fas-arrow-right\" viewbox=\"0 0 448 512\" xmlns=\"http:\/\/www.w3.org\/2000\/svg\"><path d=\"M190.5 66.9l22.2-22.2c9.4-9.4 24.6-9.4 33.9 0L441 239c9.4 9.4 9.4 24.6 0 33.9L246.6 467.3c-9.4 9.4-24.6 9.4-33.9 0l-22.2-22.2c-9.5-9.5-9.3-25 .4-34.3L311.4 296H24c-13.3 0-24-10.7-24-24v-32c0-13.3 10.7-24 24-24h287.4L190.9 101.2c-9.8-9.3-10-24.8-.4-34.3z\"><\/path><\/svg>\t\t\t<\/span>\n\t\t\t\t\t\t\t\t\t<span class=\"elementor-button-text\">D\u00e9couvrir<\/span>\n\t\t\t\t\t<\/span>\n\t\t\t\t\t<\/a>\n\t\t\t\t\t\t\t\t<\/div>\n\t\t\t\t<div class=\"elementor-element elementor-element-c875b41 elementor-widget elementor-widget-post-info\" data-id=\"c875b41\" data-element_type=\"widget\" data-e-type=\"widget\" data-widget_type=\"post-info.default\">\n\t\t\t\t\t\t\t<ul class=\"elementor-inline-items elementor-icon-list-items elementor-post-info\">\n\t\t\t\t\t\t\t\t<li class=\"elementor-icon-list-item elementor-repeater-item-3513f51 elementor-inline-item\" itemprop=\"author\">\n\t\t\t\t\t\t\t\t\t\t\t\t\t<span class=\"elementor-icon-list-text elementor-post-info__item elementor-post-info__item--type-author\">\n\t\t\t\t\t\t\t<span class=\"elementor-post-info__item-prefix\">Par<\/span>\n\t\t\t\t\t\t\t\t\t\tEmeric Caron\t\t\t\t\t<\/span>\n\t\t\t\t\t\t\t\t<\/li>\n\t\t\t\t<li class=\"elementor-icon-list-item elementor-repeater-item-d4acc60 elementor-inline-item\" itemprop=\"datePublished\">\n\t\t\t\t\t\t\t\t\t\t\t\t\t<span class=\"elementor-icon-list-text elementor-post-info__item elementor-post-info__item--type-date\">\n\t\t\t\t\t\t\t<span class=\"elementor-post-info__item-prefix\">, le <\/span>\n\t\t\t\t\t\t\t\t\t\t<time>4 December 2024.<\/time>\t\t\t\t\t<\/span>\n\t\t\t\t\t\t\t\t<\/li>\n\t\t\t\t<li class=\"elementor-icon-list-item elementor-repeater-item-d963734 elementor-inline-item\" itemprop=\"about\">\n\t\t\t\t\t\t\t\t\t\t\t\t\t<span class=\"elementor-icon-list-text elementor-post-info__item elementor-post-info__item--type-terms\">\n\t\t\t\t\t\t\t<span class=\"elementor-post-info__item-prefix\">Tags :<\/span>\n\t\t\t\t\t\t\t\t\t\t<span class=\"elementor-post-info__terms-list\">\n\t\t\t\t<span class=\"elementor-post-info__terms-list-item\">Administration<\/span>, <span class=\"elementor-post-info__terms-list-item\">\u00c9v\u00e9nementiel<\/span>, <span class=\"elementor-post-info__terms-list-item\">Gen\u00e8ve<\/span>, <span class=\"elementor-post-info__terms-list-item\">Lancy<\/span>, <span class=\"elementor-post-info__terms-list-item\">Ville<\/span>\t\t\t\t<\/span>\n\t\t\t\t\t<\/span>\n\t\t\t\t\t\t\t\t<\/li>\n\t\t\t\t<\/ul>\n\t\t\t\t\t\t<\/div>\n\t\t\t\t<\/div>\n\t\t\t\t<\/div>\n\t\t\t\t<div data-elementor-type=\"loop-item\" data-elementor-id=\"35984\" class=\"elementor elementor-35984 swiper-slide e-loop-item e-loop-item-38437 post-38437 post type-post status-publish format-standard has-post-thumbnail hentry category-geneve tag-association tag-geneve tag-medecine tag-meyrin tag-non-profit tag-ong tag-photographe\" data-elementor-post-type=\"elementor_library\" role=\"group\" aria-roledescription=\"slide\" data-custom-edit-handle=\"1\">\n\t\t\t<div class=\"elementor-element elementor-element-1e572fc e-con-full e-flex e-con e-child\" data-id=\"1e572fc\" data-element_type=\"container\" data-e-type=\"container\" data-settings=\"{&quot;background_background&quot;:&quot;classic&quot;}\">\n\t\t\t\t<div class=\"elementor-element elementor-element-475e742 elementor-widget elementor-widget-image\" data-id=\"475e742\" data-element_type=\"widget\" data-e-type=\"widget\" data-widget_type=\"image.default\">\n\t\t\t\t\t\t\t\t\t\t\t\t\t\t\t<img loading=\"lazy\" decoding=\"async\" width=\"300\" height=\"200\" src=\"https:\/\/aigal-studio.ch\/wp-content\/uploads\/2024\/12\/Aigal_171302_07963-300x200.jpg\" class=\"attachment-medium size-medium wp-image-38447\" alt=\"Photographie des locaux du Centre Otium \u00e0 Gen\u00e8ve - espace bien-\u00eatre pour les patients touch\u00e9s par le cancer.\" srcset=\"https:\/\/aigal-studio.ch\/wp-content\/uploads\/2024\/12\/Aigal_171302_07963-300x200.jpg 300w, https:\/\/aigal-studio.ch\/wp-content\/uploads\/2024\/12\/Aigal_171302_07963-1024x683.jpg 1024w, https:\/\/aigal-studio.ch\/wp-content\/uploads\/2024\/12\/Aigal_171302_07963-768x512.jpg 768w, https:\/\/aigal-studio.ch\/wp-content\/uploads\/2024\/12\/Aigal_171302_07963-1536x1024.jpg 1536w, https:\/\/aigal-studio.ch\/wp-content\/uploads\/2024\/12\/Aigal_171302_07963-2048x1365.jpg 2048w\" sizes=\"(max-width: 300px) 100vw, 300px\" \/>\t\t\t\t\t\t\t\t\t\t\t\t\t\t\t<\/div>\n\t\t\t\t<div class=\"elementor-element elementor-element-54330b7 elementor-widget elementor-widget-heading\" data-id=\"54330b7\" data-element_type=\"widget\" data-e-type=\"widget\" data-widget_type=\"heading.default\">\n\t\t\t\t\t<h4 class=\"elementor-heading-title elementor-size-default\"><a href=\"https:\/\/aigal-studio.ch\/en\/reportage-photo-pour-les-centres-otium-a-geneve\/\">Reportage photo pour les Centres Otium \u00e0 Gen\u00e8ve<\/a><\/h4>\t\t\t\t<\/div>\n\t\t\t\t<div class=\"elementor-element elementor-element-81cdc18 elementor-widget elementor-widget-text-editor\" data-id=\"81cdc18\" data-element_type=\"widget\" data-e-type=\"widget\" data-widget_type=\"text-editor.default\">\n\t\t\t\t\t\t\t\t\tD\u00e9couvrez le reportage photo r\u00e9alis\u00e9 pour les Centres Otium \u00e0 Gen\u00e8ve, des lieux uniques d\u00e9di\u00e9s au soutien des personnes touch\u00e9es par le cancer. Mettez en valeur votre mission gr\u00e2ce \u00e0 des images professionnelles.\t\t\t\t\t\t\t\t<\/div>\n\t\t\t\t<div class=\"elementor-element elementor-element-b84713e elementor-widget-mobile__width-initial elementor-widget elementor-widget-button\" data-id=\"b84713e\" data-element_type=\"widget\" data-e-type=\"widget\" data-widget_type=\"button.default\">\n\t\t\t\t\t\t\t\t\t\t<a class=\"elementor-button elementor-button-link elementor-size-sm\" href=\"https:\/\/aigal-studio.ch\/en\/reportage-photo-pour-les-centres-otium-a-geneve\/\">\n\t\t\t\t\t\t<span class=\"elementor-button-content-wrapper\">\n\t\t\t\t\t\t<span class=\"elementor-button-icon\">\n\t\t\t\t<svg aria-hidden=\"true\" class=\"e-font-icon-svg e-fas-arrow-right\" viewbox=\"0 0 448 512\" xmlns=\"http:\/\/www.w3.org\/2000\/svg\"><path d=\"M190.5 66.9l22.2-22.2c9.4-9.4 24.6-9.4 33.9 0L441 239c9.4 9.4 9.4 24.6 0 33.9L246.6 467.3c-9.4 9.4-24.6 9.4-33.9 0l-22.2-22.2c-9.5-9.5-9.3-25 .4-34.3L311.4 296H24c-13.3 0-24-10.7-24-24v-32c0-13.3 10.7-24 24-24h287.4L190.9 101.2c-9.8-9.3-10-24.8-.4-34.3z\"><\/path><\/svg>\t\t\t<\/span>\n\t\t\t\t\t\t\t\t\t<span class=\"elementor-button-text\">D\u00e9couvrir<\/span>\n\t\t\t\t\t<\/span>\n\t\t\t\t\t<\/a>\n\t\t\t\t\t\t\t\t<\/div>\n\t\t\t\t<div class=\"elementor-element elementor-element-c875b41 elementor-widget elementor-widget-post-info\" data-id=\"c875b41\" data-element_type=\"widget\" data-e-type=\"widget\" data-widget_type=\"post-info.default\">\n\t\t\t\t\t\t\t<ul class=\"elementor-inline-items elementor-icon-list-items elementor-post-info\">\n\t\t\t\t\t\t\t\t<li class=\"elementor-icon-list-item elementor-repeater-item-3513f51 elementor-inline-item\" itemprop=\"author\">\n\t\t\t\t\t\t\t\t\t\t\t\t\t<span class=\"elementor-icon-list-text elementor-post-info__item elementor-post-info__item--type-author\">\n\t\t\t\t\t\t\t<span class=\"elementor-post-info__item-prefix\">Par<\/span>\n\t\t\t\t\t\t\t\t\t\tEmeric Caron\t\t\t\t\t<\/span>\n\t\t\t\t\t\t\t\t<\/li>\n\t\t\t\t<li class=\"elementor-icon-list-item elementor-repeater-item-d4acc60 elementor-inline-item\" itemprop=\"datePublished\">\n\t\t\t\t\t\t\t\t\t\t\t\t\t<span class=\"elementor-icon-list-text elementor-post-info__item elementor-post-info__item--type-date\">\n\t\t\t\t\t\t\t<span class=\"elementor-post-info__item-prefix\">, le <\/span>\n\t\t\t\t\t\t\t\t\t\t<time>4 December 2024.<\/time>\t\t\t\t\t<\/span>\n\t\t\t\t\t\t\t\t<\/li>\n\t\t\t\t<li class=\"elementor-icon-list-item elementor-repeater-item-d963734 elementor-inline-item\" itemprop=\"about\">\n\t\t\t\t\t\t\t\t\t\t\t\t\t<span class=\"elementor-icon-list-text elementor-post-info__item elementor-post-info__item--type-terms\">\n\t\t\t\t\t\t\t<span class=\"elementor-post-info__item-prefix\">Tags :<\/span>\n\t\t\t\t\t\t\t\t\t\t<span class=\"elementor-post-info__terms-list\">\n\t\t\t\t<span class=\"elementor-post-info__terms-list-item\">Association<\/span>, <span class=\"elementor-post-info__terms-list-item\">Gen\u00e8ve<\/span>, <span class=\"elementor-post-info__terms-list-item\">M\u00e9decine<\/span>, <span class=\"elementor-post-info__terms-list-item\">Meyrin<\/span>, <span class=\"elementor-post-info__terms-list-item\">Non-Profit<\/span>, <span class=\"elementor-post-info__terms-list-item\">ONG<\/span>, <span class=\"elementor-post-info__terms-list-item\">Photographe<\/span>\t\t\t\t<\/span>\n\t\t\t\t\t<\/span>\n\t\t\t\t\t\t\t\t<\/li>\n\t\t\t\t<\/ul>\n\t\t\t\t\t\t<\/div>\n\t\t\t\t<\/div>\n\t\t\t\t<\/div>\n\t\t\t\t<div data-elementor-type=\"loop-item\" data-elementor-id=\"35984\" class=\"elementor elementor-35984 swiper-slide e-loop-item e-loop-item-38255 post-38255 post type-post status-publish format-standard has-post-thumbnail hentry category-geneve tag-conferences tag-evenementiel tag-geneve tag-photographe\" data-elementor-post-type=\"elementor_library\" role=\"group\" aria-roledescription=\"slide\" data-custom-edit-handle=\"1\">\n\t\t\t<div class=\"elementor-element elementor-element-1e572fc e-con-full e-flex e-con e-child\" data-id=\"1e572fc\" data-element_type=\"container\" data-e-type=\"container\" data-settings=\"{&quot;background_background&quot;:&quot;classic&quot;}\">\n\t\t\t\t<div class=\"elementor-element elementor-element-475e742 elementor-widget elementor-widget-image\" data-id=\"475e742\" data-element_type=\"widget\" data-e-type=\"widget\" data-widget_type=\"image.default\">\n\t\t\t\t\t\t\t\t\t\t\t\t\t\t\t<img loading=\"lazy\" decoding=\"async\" width=\"300\" height=\"200\" src=\"https:\/\/aigal-studio.ch\/wp-content\/uploads\/2024\/12\/Aigal_311351_07129-300x200.jpg\" class=\"attachment-medium size-medium wp-image-38251\" alt=\"Photographe Gen\u00e8ve conf\u00e9rence\" srcset=\"https:\/\/aigal-studio.ch\/wp-content\/uploads\/2024\/12\/Aigal_311351_07129-300x200.jpg 300w, https:\/\/aigal-studio.ch\/wp-content\/uploads\/2024\/12\/Aigal_311351_07129-1024x683.jpg 1024w, https:\/\/aigal-studio.ch\/wp-content\/uploads\/2024\/12\/Aigal_311351_07129-768x512.jpg 768w, https:\/\/aigal-studio.ch\/wp-content\/uploads\/2024\/12\/Aigal_311351_07129-1536x1024.jpg 1536w, https:\/\/aigal-studio.ch\/wp-content\/uploads\/2024\/12\/Aigal_311351_07129-2048x1365.jpg 2048w\" sizes=\"(max-width: 300px) 100vw, 300px\" \/>\t\t\t\t\t\t\t\t\t\t\t\t\t\t\t<\/div>\n\t\t\t\t<div class=\"elementor-element elementor-element-54330b7 elementor-widget elementor-widget-heading\" data-id=\"54330b7\" data-element_type=\"widget\" data-e-type=\"widget\" data-widget_type=\"heading.default\">\n\t\t\t\t\t<h4 class=\"elementor-heading-title elementor-size-default\"><a href=\"https:\/\/aigal-studio.ch\/en\/photographe-table-ronde-organisee-par-la-ccig-geneve\/\">Table ronde organis\u00e9e par la CCIG aux Atmosph\u00e8res<\/a><\/h4>\t\t\t\t<\/div>\n\t\t\t\t<div class=\"elementor-element elementor-element-81cdc18 elementor-widget elementor-widget-text-editor\" data-id=\"81cdc18\" data-element_type=\"widget\" data-e-type=\"widget\" data-widget_type=\"text-editor.default\">\n\t\t\t\t\t\t\t\t\tAigal Studio a eu l\u2019honneur de capturer les moments cl\u00e9s de la table ronde organis\u00e9e par la Chambre de commerce, d&rsquo;industrie et des services de Gen\u00e8ve (CCIG). Cet \u00e9v\u00e9nement a r\u00e9uni des leaders d\u2019opinion, des experts \u00e9conomiques et des professionnels locaux pour discuter des d\u00e9fis et opportunit\u00e9s de l\u2019\u00e9conomie genevoise.\t\t\t\t\t\t\t\t<\/div>\n\t\t\t\t<div class=\"elementor-element elementor-element-b84713e elementor-widget-mobile__width-initial elementor-widget elementor-widget-button\" data-id=\"b84713e\" data-element_type=\"widget\" data-e-type=\"widget\" data-widget_type=\"button.default\">\n\t\t\t\t\t\t\t\t\t\t<a class=\"elementor-button elementor-button-link elementor-size-sm\" href=\"https:\/\/aigal-studio.ch\/en\/photographe-table-ronde-organisee-par-la-ccig-geneve\/\">\n\t\t\t\t\t\t<span class=\"elementor-button-content-wrapper\">\n\t\t\t\t\t\t<span class=\"elementor-button-icon\">\n\t\t\t\t<svg aria-hidden=\"true\" class=\"e-font-icon-svg e-fas-arrow-right\" viewbox=\"0 0 448 512\" xmlns=\"http:\/\/www.w3.org\/2000\/svg\"><path d=\"M190.5 66.9l22.2-22.2c9.4-9.4 24.6-9.4 33.9 0L441 239c9.4 9.4 9.4 24.6 0 33.9L246.6 467.3c-9.4 9.4-24.6 9.4-33.9 0l-22.2-22.2c-9.5-9.5-9.3-25 .4-34.3L311.4 296H24c-13.3 0-24-10.7-24-24v-32c0-13.3 10.7-24 24-24h287.4L190.9 101.2c-9.8-9.3-10-24.8-.4-34.3z\"><\/path><\/svg>\t\t\t<\/span>\n\t\t\t\t\t\t\t\t\t<span class=\"elementor-button-text\">D\u00e9couvrir<\/span>\n\t\t\t\t\t<\/span>\n\t\t\t\t\t<\/a>\n\t\t\t\t\t\t\t\t<\/div>\n\t\t\t\t<div class=\"elementor-element elementor-element-c875b41 elementor-widget elementor-widget-post-info\" data-id=\"c875b41\" data-element_type=\"widget\" data-e-type=\"widget\" data-widget_type=\"post-info.default\">\n\t\t\t\t\t\t\t<ul class=\"elementor-inline-items elementor-icon-list-items elementor-post-info\">\n\t\t\t\t\t\t\t\t<li class=\"elementor-icon-list-item elementor-repeater-item-3513f51 elementor-inline-item\" itemprop=\"author\">\n\t\t\t\t\t\t\t\t\t\t\t\t\t<span class=\"elementor-icon-list-text elementor-post-info__item elementor-post-info__item--type-author\">\n\t\t\t\t\t\t\t<span class=\"elementor-post-info__item-prefix\">Par<\/span>\n\t\t\t\t\t\t\t\t\t\tEmeric Caron\t\t\t\t\t<\/span>\n\t\t\t\t\t\t\t\t<\/li>\n\t\t\t\t<li class=\"elementor-icon-list-item elementor-repeater-item-d4acc60 elementor-inline-item\" itemprop=\"datePublished\">\n\t\t\t\t\t\t\t\t\t\t\t\t\t<span class=\"elementor-icon-list-text elementor-post-info__item elementor-post-info__item--type-date\">\n\t\t\t\t\t\t\t<span class=\"elementor-post-info__item-prefix\">, le <\/span>\n\t\t\t\t\t\t\t\t\t\t<time>4 December 2024.<\/time>\t\t\t\t\t<\/span>\n\t\t\t\t\t\t\t\t<\/li>\n\t\t\t\t<li class=\"elementor-icon-list-item elementor-repeater-item-d963734 elementor-inline-item\" itemprop=\"about\">\n\t\t\t\t\t\t\t\t\t\t\t\t\t<span class=\"elementor-icon-list-text elementor-post-info__item elementor-post-info__item--type-terms\">\n\t\t\t\t\t\t\t<span class=\"elementor-post-info__item-prefix\">Tags :<\/span>\n\t\t\t\t\t\t\t\t\t\t<span class=\"elementor-post-info__terms-list\">\n\t\t\t\t<span class=\"elementor-post-info__terms-list-item\">Conf\u00e9rences<\/span>, <span class=\"elementor-post-info__terms-list-item\">\u00c9v\u00e9nementiel<\/span>, <span class=\"elementor-post-info__terms-list-item\">Gen\u00e8ve<\/span>, <span class=\"elementor-post-info__terms-list-item\">Photographe<\/span>\t\t\t\t<\/span>\n\t\t\t\t\t<\/span>\n\t\t\t\t\t\t\t\t<\/li>\n\t\t\t\t<\/ul>\n\t\t\t\t\t\t<\/div>\n\t\t\t\t<\/div>\n\t\t\t\t<\/div>\n\t\t\t\t<div data-elementor-type=\"loop-item\" data-elementor-id=\"35984\" class=\"elementor elementor-35984 swiper-slide e-loop-item e-loop-item-38514 post-38514 post type-post status-publish format-standard has-post-thumbnail hentry category-geneve tag-administration tag-evenementiel tag-geneve tag-lancy tag-ville\" data-elementor-post-type=\"elementor_library\" role=\"group\" aria-roledescription=\"slide\" data-custom-edit-handle=\"1\">\n\t\t\t<div class=\"elementor-element elementor-element-1e572fc e-con-full e-flex e-con e-child\" data-id=\"1e572fc\" data-element_type=\"container\" data-e-type=\"container\" data-settings=\"{&quot;background_background&quot;:&quot;classic&quot;}\">\n\t\t\t\t<div class=\"elementor-element elementor-element-475e742 elementor-widget elementor-widget-image\" data-id=\"475e742\" data-element_type=\"widget\" data-e-type=\"widget\" data-widget_type=\"image.default\">\n\t\t\t\t\t\t\t\t\t\t\t\t\t\t\t<img loading=\"lazy\" decoding=\"async\" width=\"300\" height=\"200\" src=\"https:\/\/aigal-studio.ch\/wp-content\/uploads\/2024\/11\/Aigal_151355_04489-300x200.jpg\" class=\"attachment-medium size-medium wp-image-38583\" alt=\"Photographe conf\u00e9rence Gen\u00e8ve\" srcset=\"https:\/\/aigal-studio.ch\/wp-content\/uploads\/2024\/11\/Aigal_151355_04489-300x200.jpg 300w, https:\/\/aigal-studio.ch\/wp-content\/uploads\/2024\/11\/Aigal_151355_04489-1024x683.jpg 1024w, https:\/\/aigal-studio.ch\/wp-content\/uploads\/2024\/11\/Aigal_151355_04489-768x512.jpg 768w, https:\/\/aigal-studio.ch\/wp-content\/uploads\/2024\/11\/Aigal_151355_04489-1536x1024.jpg 1536w, https:\/\/aigal-studio.ch\/wp-content\/uploads\/2024\/11\/Aigal_151355_04489-2048x1365.jpg 2048w\" sizes=\"(max-width: 300px) 100vw, 300px\" \/>\t\t\t\t\t\t\t\t\t\t\t\t\t\t\t<\/div>\n\t\t\t\t<div class=\"elementor-element elementor-element-54330b7 elementor-widget elementor-widget-heading\" data-id=\"54330b7\" data-element_type=\"widget\" data-e-type=\"widget\" data-widget_type=\"heading.default\">\n\t\t\t\t\t<h4 class=\"elementor-heading-title elementor-size-default\"><a href=\"https:\/\/aigal-studio.ch\/en\/reportage-photo-conference-annuelle-asg-a-geneve-photographe-professionnel\/\">Reportage photo : conf\u00e9rence annuelle de l\u2019ASG au Warwick \u00e0 Gen\u00e8ve<\/a><\/h4>\t\t\t\t<\/div>\n\t\t\t\t<div class=\"elementor-element elementor-element-81cdc18 elementor-widget elementor-widget-text-editor\" data-id=\"81cdc18\" data-element_type=\"widget\" data-e-type=\"widget\" data-widget_type=\"text-editor.default\">\n\t\t\t\t\t\t\t\t\tJ\u2019ai eu le plaisir de r\u00e9aliser un reportage photo professionnel lors de la conf\u00e9rence annuelle de l\u2019Association Suisse des G\u00e9rants de Fortune (ASG), qui s\u2019est tenue \u00e0 Gen\u00e8ve dans le prestigieux h\u00f4tel Warwick Geneva. Cet \u00e9v\u00e9nement a rassembl\u00e9 des experts et des professionnels du secteur financier, offrant un cadre id\u00e9al pour capturer des moments cl\u00e9s de la journ\u00e9e.\n\t\t\t\t\t\t\t\t<\/div>\n\t\t\t\t<div class=\"elementor-element elementor-element-b84713e elementor-widget-mobile__width-initial elementor-widget elementor-widget-button\" data-id=\"b84713e\" data-element_type=\"widget\" data-e-type=\"widget\" data-widget_type=\"button.default\">\n\t\t\t\t\t\t\t\t\t\t<a class=\"elementor-button elementor-button-link elementor-size-sm\" href=\"https:\/\/aigal-studio.ch\/en\/reportage-photo-conference-annuelle-asg-a-geneve-photographe-professionnel\/\">\n\t\t\t\t\t\t<span class=\"elementor-button-content-wrapper\">\n\t\t\t\t\t\t<span class=\"elementor-button-icon\">\n\t\t\t\t<svg aria-hidden=\"true\" class=\"e-font-icon-svg e-fas-arrow-right\" viewbox=\"0 0 448 512\" xmlns=\"http:\/\/www.w3.org\/2000\/svg\"><path d=\"M190.5 66.9l22.2-22.2c9.4-9.4 24.6-9.4 33.9 0L441 239c9.4 9.4 9.4 24.6 0 33.9L246.6 467.3c-9.4 9.4-24.6 9.4-33.9 0l-22.2-22.2c-9.5-9.5-9.3-25 .4-34.3L311.4 296H24c-13.3 0-24-10.7-24-24v-32c0-13.3 10.7-24 24-24h287.4L190.9 101.2c-9.8-9.3-10-24.8-.4-34.3z\"><\/path><\/svg>\t\t\t<\/span>\n\t\t\t\t\t\t\t\t\t<span class=\"elementor-button-text\">D\u00e9couvrir<\/span>\n\t\t\t\t\t<\/span>\n\t\t\t\t\t<\/a>\n\t\t\t\t\t\t\t\t<\/div>\n\t\t\t\t<div class=\"elementor-element elementor-element-c875b41 elementor-widget elementor-widget-post-info\" data-id=\"c875b41\" data-element_type=\"widget\" data-e-type=\"widget\" data-widget_type=\"post-info.default\">\n\t\t\t\t\t\t\t<ul class=\"elementor-inline-items elementor-icon-list-items elementor-post-info\">\n\t\t\t\t\t\t\t\t<li class=\"elementor-icon-list-item elementor-repeater-item-3513f51 elementor-inline-item\" itemprop=\"author\">\n\t\t\t\t\t\t\t\t\t\t\t\t\t<span class=\"elementor-icon-list-text elementor-post-info__item elementor-post-info__item--type-author\">\n\t\t\t\t\t\t\t<span class=\"elementor-post-info__item-prefix\">Par<\/span>\n\t\t\t\t\t\t\t\t\t\tEmeric Caron\t\t\t\t\t<\/span>\n\t\t\t\t\t\t\t\t<\/li>\n\t\t\t\t<li class=\"elementor-icon-list-item elementor-repeater-item-d4acc60 elementor-inline-item\" itemprop=\"datePublished\">\n\t\t\t\t\t\t\t\t\t\t\t\t\t<span class=\"elementor-icon-list-text elementor-post-info__item elementor-post-info__item--type-date\">\n\t\t\t\t\t\t\t<span class=\"elementor-post-info__item-prefix\">, le <\/span>\n\t\t\t\t\t\t\t\t\t\t<time>15 November 2024.<\/time>\t\t\t\t\t<\/span>\n\t\t\t\t\t\t\t\t<\/li>\n\t\t\t\t<li class=\"elementor-icon-list-item elementor-repeater-item-d963734 elementor-inline-item\" itemprop=\"about\">\n\t\t\t\t\t\t\t\t\t\t\t\t\t<span class=\"elementor-icon-list-text elementor-post-info__item elementor-post-info__item--type-terms\">\n\t\t\t\t\t\t\t<span class=\"elementor-post-info__item-prefix\">Tags :<\/span>\n\t\t\t\t\t\t\t\t\t\t<span class=\"elementor-post-info__terms-list\">\n\t\t\t\t<span class=\"elementor-post-info__terms-list-item\">Administration<\/span>, <span class=\"elementor-post-info__terms-list-item\">\u00c9v\u00e9nementiel<\/span>, <span class=\"elementor-post-info__terms-list-item\">Gen\u00e8ve<\/span>, <span class=\"elementor-post-info__terms-list-item\">Lancy<\/span>, <span class=\"elementor-post-info__terms-list-item\">Ville<\/span>\t\t\t\t<\/span>\n\t\t\t\t\t<\/span>\n\t\t\t\t\t\t\t\t<\/li>\n\t\t\t\t<\/ul>\n\t\t\t\t\t\t<\/div>\n\t\t\t\t<\/div>\n\t\t\t\t<\/div>\n\t\t\t\t<div data-elementor-type=\"loop-item\" data-elementor-id=\"35984\" class=\"elementor elementor-35984 swiper-slide e-loop-item e-loop-item-38471 post-38471 post type-post status-publish format-standard has-post-thumbnail hentry category-geneve tag-chalet tag-geneve tag-immobilier tag-photographe\" data-elementor-post-type=\"elementor_library\" role=\"group\" aria-roledescription=\"slide\" data-custom-edit-handle=\"1\">\n\t\t\t<div class=\"elementor-element elementor-element-1e572fc e-con-full e-flex e-con e-child\" data-id=\"1e572fc\" data-element_type=\"container\" data-e-type=\"container\" data-settings=\"{&quot;background_background&quot;:&quot;classic&quot;}\">\n\t\t\t\t<div class=\"elementor-element elementor-element-475e742 elementor-widget elementor-widget-image\" data-id=\"475e742\" data-element_type=\"widget\" data-e-type=\"widget\" data-widget_type=\"image.default\">\n\t\t\t\t\t\t\t\t\t\t\t\t\t\t\t<img loading=\"lazy\" decoding=\"async\" width=\"300\" height=\"200\" src=\"https:\/\/aigal-studio.ch\/wp-content\/uploads\/2024\/12\/Aigal_231537_07949-300x200.jpg\" class=\"attachment-medium size-medium wp-image-38454\" alt=\"Reportage photo immobilier chalet\" srcset=\"https:\/\/aigal-studio.ch\/wp-content\/uploads\/2024\/12\/Aigal_231537_07949-300x200.jpg 300w, https:\/\/aigal-studio.ch\/wp-content\/uploads\/2024\/12\/Aigal_231537_07949-1024x683.jpg 1024w, https:\/\/aigal-studio.ch\/wp-content\/uploads\/2024\/12\/Aigal_231537_07949-768x512.jpg 768w, https:\/\/aigal-studio.ch\/wp-content\/uploads\/2024\/12\/Aigal_231537_07949-1536x1024.jpg 1536w, https:\/\/aigal-studio.ch\/wp-content\/uploads\/2024\/12\/Aigal_231537_07949-2048x1365.jpg 2048w\" sizes=\"(max-width: 300px) 100vw, 300px\" \/>\t\t\t\t\t\t\t\t\t\t\t\t\t\t\t<\/div>\n\t\t\t\t<div class=\"elementor-element elementor-element-54330b7 elementor-widget elementor-widget-heading\" data-id=\"54330b7\" data-element_type=\"widget\" data-e-type=\"widget\" data-widget_type=\"heading.default\">\n\t\t\t\t\t<h4 class=\"elementor-heading-title elementor-size-default\"><a href=\"https:\/\/aigal-studio.ch\/en\/reportage-photo-immobilier-geneve\/\">Sublimer votre bien immobilier gr\u00e2ce \u00e0 la photographie professionnelle<\/a><\/h4>\t\t\t\t<\/div>\n\t\t\t\t<div class=\"elementor-element elementor-element-81cdc18 elementor-widget elementor-widget-text-editor\" data-id=\"81cdc18\" data-element_type=\"widget\" data-e-type=\"widget\" data-widget_type=\"text-editor.default\">\n\t\t\t\t\t\t\t\t\tD\u00e9couvrez le reportage photo d\u2019un chalet en montagne, mettant en lumi\u00e8re son architecture unique et ses espaces chaleureux. Parfait pour valoriser un bien immobilier.\t\t\t\t\t\t\t\t<\/div>\n\t\t\t\t<div class=\"elementor-element elementor-element-b84713e elementor-widget-mobile__width-initial elementor-widget elementor-widget-button\" data-id=\"b84713e\" data-element_type=\"widget\" data-e-type=\"widget\" data-widget_type=\"button.default\">\n\t\t\t\t\t\t\t\t\t\t<a class=\"elementor-button elementor-button-link elementor-size-sm\" href=\"https:\/\/aigal-studio.ch\/en\/reportage-photo-immobilier-geneve\/\">\n\t\t\t\t\t\t<span class=\"elementor-button-content-wrapper\">\n\t\t\t\t\t\t<span class=\"elementor-button-icon\">\n\t\t\t\t<svg aria-hidden=\"true\" class=\"e-font-icon-svg e-fas-arrow-right\" viewbox=\"0 0 448 512\" xmlns=\"http:\/\/www.w3.org\/2000\/svg\"><path d=\"M190.5 66.9l22.2-22.2c9.4-9.4 24.6-9.4 33.9 0L441 239c9.4 9.4 9.4 24.6 0 33.9L246.6 467.3c-9.4 9.4-24.6 9.4-33.9 0l-22.2-22.2c-9.5-9.5-9.3-25 .4-34.3L311.4 296H24c-13.3 0-24-10.7-24-24v-32c0-13.3 10.7-24 24-24h287.4L190.9 101.2c-9.8-9.3-10-24.8-.4-34.3z\"><\/path><\/svg>\t\t\t<\/span>\n\t\t\t\t\t\t\t\t\t<span class=\"elementor-button-text\">D\u00e9couvrir<\/span>\n\t\t\t\t\t<\/span>\n\t\t\t\t\t<\/a>\n\t\t\t\t\t\t\t\t<\/div>\n\t\t\t\t<div class=\"elementor-element elementor-element-c875b41 elementor-widget elementor-widget-post-info\" data-id=\"c875b41\" data-element_type=\"widget\" data-e-type=\"widget\" data-widget_type=\"post-info.default\">\n\t\t\t\t\t\t\t<ul class=\"elementor-inline-items elementor-icon-list-items elementor-post-info\">\n\t\t\t\t\t\t\t\t<li class=\"elementor-icon-list-item elementor-repeater-item-3513f51 elementor-inline-item\" itemprop=\"author\">\n\t\t\t\t\t\t\t\t\t\t\t\t\t<span class=\"elementor-icon-list-text elementor-post-info__item elementor-post-info__item--type-author\">\n\t\t\t\t\t\t\t<span class=\"elementor-post-info__item-prefix\">Par<\/span>\n\t\t\t\t\t\t\t\t\t\tEmeric Caron\t\t\t\t\t<\/span>\n\t\t\t\t\t\t\t\t<\/li>\n\t\t\t\t<li class=\"elementor-icon-list-item elementor-repeater-item-d4acc60 elementor-inline-item\" itemprop=\"datePublished\">\n\t\t\t\t\t\t\t\t\t\t\t\t\t<span class=\"elementor-icon-list-text elementor-post-info__item elementor-post-info__item--type-date\">\n\t\t\t\t\t\t\t<span class=\"elementor-post-info__item-prefix\">, le <\/span>\n\t\t\t\t\t\t\t\t\t\t<time>1 November 2024.<\/time>\t\t\t\t\t<\/span>\n\t\t\t\t\t\t\t\t<\/li>\n\t\t\t\t<li class=\"elementor-icon-list-item elementor-repeater-item-d963734 elementor-inline-item\" itemprop=\"about\">\n\t\t\t\t\t\t\t\t\t\t\t\t\t<span class=\"elementor-icon-list-text elementor-post-info__item elementor-post-info__item--type-terms\">\n\t\t\t\t\t\t\t<span class=\"elementor-post-info__item-prefix\">Tags :<\/span>\n\t\t\t\t\t\t\t\t\t\t<span class=\"elementor-post-info__terms-list\">\n\t\t\t\t<span class=\"elementor-post-info__terms-list-item\">Chalet<\/span>, <span class=\"elementor-post-info__terms-list-item\">Gen\u00e8ve<\/span>, <span class=\"elementor-post-info__terms-list-item\">Immobilier<\/span>, <span class=\"elementor-post-info__terms-list-item\">Photographe<\/span>\t\t\t\t<\/span>\n\t\t\t\t\t<\/span>\n\t\t\t\t\t\t\t\t<\/li>\n\t\t\t\t<\/ul>\n\t\t\t\t\t\t<\/div>\n\t\t\t\t<\/div>\n\t\t\t\t<\/div>\n\t\t\t\t<div data-elementor-type=\"loop-item\" data-elementor-id=\"35984\" class=\"elementor elementor-35984 swiper-slide e-loop-item e-loop-item-37756 post-37756 post type-post status-publish format-standard has-post-thumbnail hentry category-geneve tag-conferences tag-evenementiel tag-geneve tag-palexpo\" data-elementor-post-type=\"elementor_library\" role=\"group\" aria-roledescription=\"slide\" data-custom-edit-handle=\"1\">\n\t\t\t<div class=\"elementor-element elementor-element-1e572fc e-con-full e-flex e-con e-child\" data-id=\"1e572fc\" data-element_type=\"container\" data-e-type=\"container\" data-settings=\"{&quot;background_background&quot;:&quot;classic&quot;}\">\n\t\t\t\t<div class=\"elementor-element elementor-element-475e742 elementor-widget elementor-widget-image\" data-id=\"475e742\" data-element_type=\"widget\" data-e-type=\"widget\" data-widget_type=\"image.default\">\n\t\t\t\t\t\t\t\t\t\t\t\t\t\t\t<img loading=\"lazy\" decoding=\"async\" width=\"300\" height=\"200\" src=\"https:\/\/aigal-studio.ch\/wp-content\/uploads\/2024\/05\/Aigal_0212_05267-300x200.jpg\" class=\"attachment-medium size-medium wp-image-37764\" alt=\"Reportage photo au centre Palexpo \u00e0 Gen\u00e8ve\" srcset=\"https:\/\/aigal-studio.ch\/wp-content\/uploads\/2024\/05\/Aigal_0212_05267-300x200.jpg 300w, https:\/\/aigal-studio.ch\/wp-content\/uploads\/2024\/05\/Aigal_0212_05267-1024x683.jpg 1024w, https:\/\/aigal-studio.ch\/wp-content\/uploads\/2024\/05\/Aigal_0212_05267-768x512.jpg 768w, https:\/\/aigal-studio.ch\/wp-content\/uploads\/2024\/05\/Aigal_0212_05267-1536x1024.jpg 1536w, https:\/\/aigal-studio.ch\/wp-content\/uploads\/2024\/05\/Aigal_0212_05267-2048x1365.jpg 2048w\" sizes=\"(max-width: 300px) 100vw, 300px\" \/>\t\t\t\t\t\t\t\t\t\t\t\t\t\t\t<\/div>\n\t\t\t\t<div class=\"elementor-element elementor-element-54330b7 elementor-widget elementor-widget-heading\" data-id=\"54330b7\" data-element_type=\"widget\" data-e-type=\"widget\" data-widget_type=\"heading.default\">\n\t\t\t\t\t<h4 class=\"elementor-heading-title elementor-size-default\"><a href=\"https:\/\/aigal-studio.ch\/en\/reportage-photo-photographe-centre-palexpo-geneve\/\">Reportage photo au centre Palexpo \u00e0 Gen\u00e8ve<\/a><\/h4>\t\t\t\t<\/div>\n\t\t\t\t<div class=\"elementor-element elementor-element-81cdc18 elementor-widget elementor-widget-text-editor\" data-id=\"81cdc18\" data-element_type=\"widget\" data-e-type=\"widget\" data-widget_type=\"text-editor.default\">\n\t\t\t\t\t\t\t\t\tContactez-nous d\u00e8s aujourd\u2019hui pour discuter de vos besoins et r\u00e9server votre reportage photo d\u2019entreprise au centre Palexpo de Gen\u00e8ve. Faites de votre \u00e9v\u00e9nement un moment m\u00e9morable et laissez-nous capturer l\u2019essence de votre r\u00e9ussite.\t\t\t\t\t\t\t\t<\/div>\n\t\t\t\t<div class=\"elementor-element elementor-element-b84713e elementor-widget-mobile__width-initial elementor-widget elementor-widget-button\" data-id=\"b84713e\" data-element_type=\"widget\" data-e-type=\"widget\" data-widget_type=\"button.default\">\n\t\t\t\t\t\t\t\t\t\t<a class=\"elementor-button elementor-button-link elementor-size-sm\" href=\"https:\/\/aigal-studio.ch\/en\/reportage-photo-photographe-centre-palexpo-geneve\/\">\n\t\t\t\t\t\t<span class=\"elementor-button-content-wrapper\">\n\t\t\t\t\t\t<span class=\"elementor-button-icon\">\n\t\t\t\t<svg aria-hidden=\"true\" class=\"e-font-icon-svg e-fas-arrow-right\" viewbox=\"0 0 448 512\" xmlns=\"http:\/\/www.w3.org\/2000\/svg\"><path d=\"M190.5 66.9l22.2-22.2c9.4-9.4 24.6-9.4 33.9 0L441 239c9.4 9.4 9.4 24.6 0 33.9L246.6 467.3c-9.4 9.4-24.6 9.4-33.9 0l-22.2-22.2c-9.5-9.5-9.3-25 .4-34.3L311.4 296H24c-13.3 0-24-10.7-24-24v-32c0-13.3 10.7-24 24-24h287.4L190.9 101.2c-9.8-9.3-10-24.8-.4-34.3z\"><\/path><\/svg>\t\t\t<\/span>\n\t\t\t\t\t\t\t\t\t<span class=\"elementor-button-text\">D\u00e9couvrir<\/span>\n\t\t\t\t\t<\/span>\n\t\t\t\t\t<\/a>\n\t\t\t\t\t\t\t\t<\/div>\n\t\t\t\t<div class=\"elementor-element elementor-element-c875b41 elementor-widget elementor-widget-post-info\" data-id=\"c875b41\" data-element_type=\"widget\" data-e-type=\"widget\" data-widget_type=\"post-info.default\">\n\t\t\t\t\t\t\t<ul class=\"elementor-inline-items elementor-icon-list-items elementor-post-info\">\n\t\t\t\t\t\t\t\t<li class=\"elementor-icon-list-item elementor-repeater-item-3513f51 elementor-inline-item\" itemprop=\"author\">\n\t\t\t\t\t\t\t\t\t\t\t\t\t<span class=\"elementor-icon-list-text elementor-post-info__item elementor-post-info__item--type-author\">\n\t\t\t\t\t\t\t<span class=\"elementor-post-info__item-prefix\">Par<\/span>\n\t\t\t\t\t\t\t\t\t\tEmeric Caron\t\t\t\t\t<\/span>\n\t\t\t\t\t\t\t\t<\/li>\n\t\t\t\t<li class=\"elementor-icon-list-item elementor-repeater-item-d4acc60 elementor-inline-item\" itemprop=\"datePublished\">\n\t\t\t\t\t\t\t\t\t\t\t\t\t<span class=\"elementor-icon-list-text elementor-post-info__item elementor-post-info__item--type-date\">\n\t\t\t\t\t\t\t<span class=\"elementor-post-info__item-prefix\">, le <\/span>\n\t\t\t\t\t\t\t\t\t\t<time>23 May 2024.<\/time>\t\t\t\t\t<\/span>\n\t\t\t\t\t\t\t\t<\/li>\n\t\t\t\t<li class=\"elementor-icon-list-item elementor-repeater-item-d963734 elementor-inline-item\" itemprop=\"about\">\n\t\t\t\t\t\t\t\t\t\t\t\t\t<span class=\"elementor-icon-list-text elementor-post-info__item elementor-post-info__item--type-terms\">\n\t\t\t\t\t\t\t<span class=\"elementor-post-info__item-prefix\">Tags :<\/span>\n\t\t\t\t\t\t\t\t\t\t<span class=\"elementor-post-info__terms-list\">\n\t\t\t\t<span class=\"elementor-post-info__terms-list-item\">Conf\u00e9rences<\/span>, <span class=\"elementor-post-info__terms-list-item\">\u00c9v\u00e9nementiel<\/span>, <span class=\"elementor-post-info__terms-list-item\">Gen\u00e8ve<\/span>, <span class=\"elementor-post-info__terms-list-item\">Palexpo<\/span>\t\t\t\t<\/span>\n\t\t\t\t\t<\/span>\n\t\t\t\t\t\t\t\t<\/li>\n\t\t\t\t<\/ul>\n\t\t\t\t\t\t<\/div>\n\t\t\t\t<\/div>\n\t\t\t\t<\/div>\n\t\t\t\t<div data-elementor-type=\"loop-item\" data-elementor-id=\"35984\" class=\"elementor elementor-35984 swiper-slide e-loop-item e-loop-item-37841 post-37841 post type-post status-publish format-standard hentry category-geneve tag-evenementiel tag-geneve tag-palexpo tag-rue-du-rhone\" data-elementor-post-type=\"elementor_library\" role=\"group\" aria-roledescription=\"slide\" data-custom-edit-handle=\"1\">\n\t\t\t<div class=\"elementor-element elementor-element-1e572fc e-con-full e-flex e-con e-child\" data-id=\"1e572fc\" data-element_type=\"container\" data-e-type=\"container\" data-settings=\"{&quot;background_background&quot;:&quot;classic&quot;}\">\n\t\t\t\t<div class=\"elementor-element elementor-element-54330b7 elementor-widget elementor-widget-heading\" data-id=\"54330b7\" data-element_type=\"widget\" data-e-type=\"widget\" data-widget_type=\"heading.default\">\n\t\t\t\t\t<h4 class=\"elementor-heading-title elementor-size-default\"><a href=\"https:\/\/aigal-studio.ch\/en\/reportage-photo-horlogerie-watch-wonders-2024\/\">Reportage photo pour Watch &amp; Wonders 2024<\/a><\/h4>\t\t\t\t<\/div>\n\t\t\t\t<div class=\"elementor-element elementor-element-81cdc18 elementor-widget elementor-widget-text-editor\" data-id=\"81cdc18\" data-element_type=\"widget\" data-e-type=\"widget\" data-widget_type=\"text-editor.default\">\n\t\t\t\t\t\t\t\t\t\u00c0 l&rsquo;occasion de l&rsquo;\u00e9v\u00e9nement horloger Watch &amp; Wonders in the City, j&rsquo;ai eu le plaisir de photographier une s\u00e9rie d&rsquo;\u00e9v\u00e9nements ayant eu lieu \u00e0 la boutique Vacheron Constantin \u00e0 Gen\u00e8ve.\t\t\t\t\t\t\t\t<\/div>\n\t\t\t\t<div class=\"elementor-element elementor-element-b84713e elementor-widget-mobile__width-initial elementor-widget elementor-widget-button\" data-id=\"b84713e\" data-element_type=\"widget\" data-e-type=\"widget\" data-widget_type=\"button.default\">\n\t\t\t\t\t\t\t\t\t\t<a class=\"elementor-button elementor-button-link elementor-size-sm\" href=\"https:\/\/aigal-studio.ch\/en\/reportage-photo-horlogerie-watch-wonders-2024\/\">\n\t\t\t\t\t\t<span class=\"elementor-button-content-wrapper\">\n\t\t\t\t\t\t<span class=\"elementor-button-icon\">\n\t\t\t\t<svg aria-hidden=\"true\" class=\"e-font-icon-svg e-fas-arrow-right\" viewbox=\"0 0 448 512\" xmlns=\"http:\/\/www.w3.org\/2000\/svg\"><path d=\"M190.5 66.9l22.2-22.2c9.4-9.4 24.6-9.4 33.9 0L441 239c9.4 9.4 9.4 24.6 0 33.9L246.6 467.3c-9.4 9.4-24.6 9.4-33.9 0l-22.2-22.2c-9.5-9.5-9.3-25 .4-34.3L311.4 296H24c-13.3 0-24-10.7-24-24v-32c0-13.3 10.7-24 24-24h287.4L190.9 101.2c-9.8-9.3-10-24.8-.4-34.3z\"><\/path><\/svg>\t\t\t<\/span>\n\t\t\t\t\t\t\t\t\t<span class=\"elementor-button-text\">D\u00e9couvrir<\/span>\n\t\t\t\t\t<\/span>\n\t\t\t\t\t<\/a>\n\t\t\t\t\t\t\t\t<\/div>\n\t\t\t\t<div class=\"elementor-element elementor-element-c875b41 elementor-widget elementor-widget-post-info\" data-id=\"c875b41\" data-element_type=\"widget\" data-e-type=\"widget\" data-widget_type=\"post-info.default\">\n\t\t\t\t\t\t\t<ul class=\"elementor-inline-items elementor-icon-list-items elementor-post-info\">\n\t\t\t\t\t\t\t\t<li class=\"elementor-icon-list-item elementor-repeater-item-3513f51 elementor-inline-item\" itemprop=\"author\">\n\t\t\t\t\t\t\t\t\t\t\t\t\t<span class=\"elementor-icon-list-text elementor-post-info__item elementor-post-info__item--type-author\">\n\t\t\t\t\t\t\t<span class=\"elementor-post-info__item-prefix\">Par<\/span>\n\t\t\t\t\t\t\t\t\t\tEmeric Caron\t\t\t\t\t<\/span>\n\t\t\t\t\t\t\t\t<\/li>\n\t\t\t\t<li class=\"elementor-icon-list-item elementor-repeater-item-d4acc60 elementor-inline-item\" itemprop=\"datePublished\">\n\t\t\t\t\t\t\t\t\t\t\t\t\t<span class=\"elementor-icon-list-text elementor-post-info__item elementor-post-info__item--type-date\">\n\t\t\t\t\t\t\t<span class=\"elementor-post-info__item-prefix\">, le <\/span>\n\t\t\t\t\t\t\t\t\t\t<time>13 May 2024.<\/time>\t\t\t\t\t<\/span>\n\t\t\t\t\t\t\t\t<\/li>\n\t\t\t\t<li class=\"elementor-icon-list-item elementor-repeater-item-d963734 elementor-inline-item\" itemprop=\"about\">\n\t\t\t\t\t\t\t\t\t\t\t\t\t<span class=\"elementor-icon-list-text elementor-post-info__item elementor-post-info__item--type-terms\">\n\t\t\t\t\t\t\t<span class=\"elementor-post-info__item-prefix\">Tags :<\/span>\n\t\t\t\t\t\t\t\t\t\t<span class=\"elementor-post-info__terms-list\">\n\t\t\t\t<span class=\"elementor-post-info__terms-list-item\">\u00c9v\u00e9nementiel<\/span>, <span class=\"elementor-post-info__terms-list-item\">Gen\u00e8ve<\/span>, <span class=\"elementor-post-info__terms-list-item\">Palexpo<\/span>, <span class=\"elementor-post-info__terms-list-item\">Rue du Rh\u00f4ne<\/span>\t\t\t\t<\/span>\n\t\t\t\t\t<\/span>\n\t\t\t\t\t\t\t\t<\/li>\n\t\t\t\t<\/ul>\n\t\t\t\t\t\t<\/div>\n\t\t\t\t<\/div>\n\t\t\t\t<\/div>\n\t\t\t\t<\/div>\n\t\t<\/div>\n\t\t\t\t\t<div class=\"elementor-swiper-button elementor-swiper-button-prev\" role=\"button\" tabindex=\"0\" aria-label=\"Previous\">\n\t\t\t\t<svg aria-hidden=\"true\" class=\"e-font-icon-svg e-eicon-chevron-left\" viewbox=\"0 0 1000 1000\" xmlns=\"http:\/\/www.w3.org\/2000\/svg\"><path d=\"M646 125C629 125 613 133 604 142L308 442C296 454 292 471 292 487 292 504 296 521 308 533L604 854C617 867 629 875 646 875 663 875 679 871 692 858 704 846 713 829 713 812 713 796 708 779 692 767L438 487 692 225C700 217 708 204 708 187 708 171 704 154 692 142 675 129 663 125 646 125Z\"><\/path><\/svg>\t\t\t<\/div>\n\t\t\t<div class=\"elementor-swiper-button elementor-swiper-button-next\" role=\"button\" tabindex=\"0\" aria-label=\"Next\">\n\t\t\t\t<svg aria-hidden=\"true\" class=\"e-font-icon-svg e-eicon-chevron-right\" viewbox=\"0 0 1000 1000\" xmlns=\"http:\/\/www.w3.org\/2000\/svg\"><path d=\"M696 533C708 521 713 504 713 487 713 471 708 454 696 446L400 146C388 133 375 125 354 125 338 125 325 129 313 142 300 154 292 171 292 187 292 204 296 221 308 233L563 492 304 771C292 783 288 800 288 817 288 833 296 850 308 863 321 871 338 875 354 875 371 875 388 867 400 854L696 533Z\"><\/path><\/svg>\t\t\t<\/div>\n\t\t\t\t\t\t<\/div>\n\t\t\t\t<div class=\"elementor-element elementor-element-37063f4 elementor-widget__width-initial elementor-widget-tablet__width-inherit elementor-widget elementor-widget-text-editor\" data-id=\"37063f4\" data-element_type=\"widget\" data-e-type=\"widget\" data-widget_type=\"text-editor.default\">\n\t\t\t\t\t\t\t\t\t<h2>Nos photos et vid\u00e9os sur les r\u00e9seaux sociaux<\/h2>\n\n<p>\nD\u00e9couvrez comment nos clients utilisent nos photos et vid\u00e9os dans leur communication sur les r\u00e9seaux sociaux apr\u00e8s leurs \u00e9v\u00e9nements, conf\u00e9rences et projets d\u2019entreprise.\n<\/p>\t\t\t\t\t\t\t\t<\/div>\n\t\t\t\t<div class=\"elementor-element elementor-element-db44d0e elementor-widget__width-initial elementor-skin-carousel elementor-pagination-type-bullets elementor-pagination-position-outside elementor-widget elementor-widget-media-carousel\" data-id=\"db44d0e\" data-element_type=\"widget\" data-e-type=\"widget\" data-settings=\"{&quot;slides_per_view&quot;:&quot;4&quot;,&quot;slides_to_scroll&quot;:&quot;2&quot;,&quot;space_between&quot;:{&quot;unit&quot;:&quot;px&quot;,&quot;size&quot;:18,&quot;sizes&quot;:[]},&quot;slides_per_view_tablet&quot;:&quot;4&quot;,&quot;slides_per_view_mobile&quot;:&quot;1&quot;,&quot;speed&quot;:300,&quot;autoplay_speed&quot;:6000,&quot;lazyload&quot;:&quot;yes&quot;,&quot;skin&quot;:&quot;carousel&quot;,&quot;effect&quot;:&quot;slide&quot;,&quot;pagination&quot;:&quot;bullets&quot;,&quot;autoplay&quot;:&quot;yes&quot;,&quot;loop&quot;:&quot;yes&quot;,&quot;pause_on_hover&quot;:&quot;yes&quot;,&quot;pause_on_interaction&quot;:&quot;yes&quot;,&quot;space_between_tablet&quot;:{&quot;unit&quot;:&quot;px&quot;,&quot;size&quot;:10,&quot;sizes&quot;:[]},&quot;space_between_mobile&quot;:{&quot;unit&quot;:&quot;px&quot;,&quot;size&quot;:10,&quot;sizes&quot;:[]}}\" data-widget_type=\"media-carousel.default\">\n\t\t\t\t\t\t\t\t\t\t<div class=\"elementor-main-swiper swiper\" role=\"region\" aria-roledescription=\"carousel\" aria-label=\"Diapositives\">\n\t\t\t\t<div class=\"swiper-wrapper\">\n\t\t\t\t\t\t\t\t\t\t\t<div class=\"swiper-slide\" role=\"group\" aria-roledescription=\"slide\">\n\t\t\t\t\t\t\t<a href=\"https:\/\/www.linkedin.com\/posts\/ville-de-lancy_patinoire-du-tr%C3%A8fle-blanc-la-ville-de-activity-7176242219736027137-w3VQ?utm_source=share&#038;utm_medium=member_desktop\" target=\"_blank\" rel=\"noopener\">\t\t<div class=\"elementor-carousel-image swiper-lazy\" role=\"img\" aria-label=\"Reportage photo exposition futur patinoire de Lancy Gen\u00e8ve sport\" data-background=\"https:\/\/aigal-studio.ch\/wp-content\/uploads\/2024\/03\/0052_Aigal_03489-768x512.jpg\">\n\n\t\t\t\t\t\t\t<div class=\"swiper-lazy-preloader\"><\/div>\n\t\t\t\n\t\t\t\t\t<\/div>\n\t\t<\/a>\t\t\t\t\t\t<\/div>\n\t\t\t\t\t\t\t\t\t\t\t<div class=\"swiper-slide\" role=\"group\" aria-roledescription=\"slide\">\n\t\t\t\t\t\t\t<a href=\"https:\/\/www.linkedin.com\/posts\/lombard-odier_branding-communication-sustainability-activity-7154382052736270336-PL1X?utm_source=share&#038;utm_medium=member_desktop\" target=\"_blank\" rel=\"noopener\">\t\t<div class=\"elementor-carousel-image swiper-lazy\" role=\"img\" aria-label=\"Hubert Keller Associ\u00e9-g\u00e9rant Senior Lombard Odier\" data-background=\"https:\/\/aigal-studio.ch\/wp-content\/uploads\/2024\/03\/1705697061664-768x768.jpg\">\n\n\t\t\t\t\t\t\t<div class=\"swiper-lazy-preloader\"><\/div>\n\t\t\t\n\t\t\t\t\t<\/div>\n\t\t<\/a>\t\t\t\t\t\t<\/div>\n\t\t\t\t\t\t\t\t\t\t\t<div class=\"swiper-slide\" role=\"group\" aria-roledescription=\"slide\">\n\t\t\t\t\t\t\t<a href=\"https:\/\/www.instagram.com\/p\/CvKIM9lPfyb\/\" target=\"_blank\" rel=\"noopener\">\t\t<div class=\"elementor-carousel-image swiper-lazy\" role=\"img\" aria-label=\"Lancy en \u00e9t\u00e9, projection de film \u00e0 la piscine de Marignac.\" data-background=\"https:\/\/aigal-studio.ch\/wp-content\/uploads\/2024\/03\/363346448_768866498571781_7682135972839193440_n-768x768.jpg\">\n\n\t\t\t\t\t\t\t<div class=\"swiper-lazy-preloader\"><\/div>\n\t\t\t\n\t\t\t\t\t<\/div>\n\t\t<\/a>\t\t\t\t\t\t<\/div>\n\t\t\t\t\t\t\t\t\t\t\t<div class=\"swiper-slide\" role=\"group\" aria-roledescription=\"slide\">\n\t\t\t\t\t\t\t<a href=\"https:\/\/www.linkedin.com\/posts\/lombard-odier_branding-communication-sustainability-activity-7154382052736270336-PL1X?utm_source=share&#038;utm_medium=member_desktop\" target=\"_blank\" rel=\"noopener\">\t\t<div class=\"elementor-carousel-image swiper-lazy\" role=\"img\" aria-label=\"Verbier_LOcom\" data-background=\"https:\/\/aigal-studio.ch\/wp-content\/uploads\/2024\/03\/Verbier_LOcom.jpg\">\n\n\t\t\t\t\t\t\t<div class=\"swiper-lazy-preloader\"><\/div>\n\t\t\t\n\t\t\t\t\t<\/div>\n\t\t<\/a>\t\t\t\t\t\t<\/div>\n\t\t\t\t\t\t\t\t\t\t\t<div class=\"swiper-slide\" role=\"group\" aria-roledescription=\"slide\">\n\t\t\t\t\t\t\t<a href=\"https:\/\/www.instagram.com\/p\/CtendAooitK\/\" target=\"_blank\" rel=\"noopener\">\t\t<div class=\"elementor-carousel-image swiper-lazy\" role=\"img\" aria-label=\"Exposition photographie artiste de la Ville de Lancy\" data-background=\"https:\/\/aigal-studio.ch\/wp-content\/uploads\/2024\/03\/347252294_740275371430894_5218051334773650616_n-768x512.jpg\">\n\n\t\t\t\t\t\t\t<div class=\"swiper-lazy-preloader\"><\/div>\n\t\t\t\n\t\t\t\t\t<\/div>\n\t\t<\/a>\t\t\t\t\t\t<\/div>\n\t\t\t\t\t\t\t\t\t\t\t<div class=\"swiper-slide\" role=\"group\" aria-roledescription=\"slide\">\n\t\t\t\t\t\t\t<a href=\"https:\/\/www.instagram.com\/p\/C14PTQdO1cs\/\" target=\"_blank\" rel=\"noopener\">\t\t<div class=\"elementor-carousel-image swiper-lazy\" role=\"img\" aria-label=\"Police municipale Ville de Lancy\" data-background=\"https:\/\/aigal-studio.ch\/wp-content\/uploads\/2024\/03\/416115787_881547070637056_1100480898076382219_n-768x768.jpg\">\n\n\t\t\t\t\t\t\t<div class=\"swiper-lazy-preloader\"><\/div>\n\t\t\t\n\t\t\t\t\t<\/div>\n\t\t<\/a>\t\t\t\t\t\t<\/div>\n\t\t\t\t\t\t\t\t\t\t\t<div class=\"swiper-slide\" role=\"group\" aria-roledescription=\"slide\">\n\t\t\t\t\t\t\t<a href=\"https:\/\/www.linkedin.com\/posts\/lombard-odier_branding-communication-sustainability-activity-7155131800418226177-kKCl?utm_source=share&#038;utm_medium=member_desktop\" target=\"_blank\" rel=\"noopener\">\t\t<div class=\"elementor-carousel-image swiper-lazy\" role=\"img\" aria-label=\"Fabio Mancone, Lombard Odier\" data-background=\"https:\/\/aigal-studio.ch\/wp-content\/uploads\/2024\/03\/1705916354960-768x768.jpg\">\n\n\t\t\t\t\t\t\t<div class=\"swiper-lazy-preloader\"><\/div>\n\t\t\t\n\t\t\t\t\t<\/div>\n\t\t<\/a>\t\t\t\t\t\t<\/div>\n\t\t\t\t\t\t\t\t\t\t\t<div class=\"swiper-slide\" role=\"group\" aria-roledescription=\"slide\">\n\t\t\t\t\t\t\t<a href=\"https:\/\/www.instagram.com\/p\/C0geiyjNLxI\/\" target=\"_blank\" rel=\"noopener\">\t\t<div class=\"elementor-carousel-image swiper-lazy\" role=\"img\" aria-label=\"Un enfant et son p\u00e8re devant les illuminations du March\u00e9 de No\u00ebl, Pont Rouge, Ville de Lancy\" data-background=\"https:\/\/aigal-studio.ch\/wp-content\/uploads\/2024\/03\/407872135_858479306277166_7071945340796702244_n-768x768.jpg\">\n\n\t\t\t\t\t\t\t<div class=\"swiper-lazy-preloader\"><\/div>\n\t\t\t\n\t\t\t\t\t<\/div>\n\t\t<\/a>\t\t\t\t\t\t<\/div>\n\t\t\t\t\t\t\t\t\t\t\t<div class=\"swiper-slide\" role=\"group\" aria-roledescription=\"slide\">\n\t\t\t\t\t\t\t<a href=\"https:\/\/www.instagram.com\/p\/CwXJvpfIuFf\/\" target=\"_blank\" rel=\"noopener\">\t\t<div class=\"elementor-carousel-image swiper-lazy\" role=\"img\" aria-label=\"Photo d&#039;un fauteuil pliable avec le logo de Lancy en \u00e9t\u00e9, Piscine de Marignac.\" data-background=\"https:\/\/aigal-studio.ch\/wp-content\/uploads\/2024\/03\/370677638_788126116645819_6981545700709037649_n-768x768.jpg\">\n\n\t\t\t\t\t\t\t<div class=\"swiper-lazy-preloader\"><\/div>\n\t\t\t\n\t\t\t\t\t<\/div>\n\t\t<\/a>\t\t\t\t\t\t<\/div>\n\t\t\t\t\t\t\t\t\t<\/div>\n\t\t\t\t\t\t\t\t\t\t\t\t\t\t\t\t\t\t\t\t<div class=\"swiper-pagination\"><\/div>\n\t\t\t\t\t\t\t\t\t\t\t\t<\/div>\n\t\t\t\t\t\t\t\t<\/div>\n\t\t\t\t<div class=\"elementor-element elementor-element-89b3c45 elementor-widget__width-initial elementor-widget-tablet__width-inherit elementor-widget elementor-widget-text-editor\" data-id=\"89b3c45\" data-element_type=\"widget\" data-e-type=\"widget\" data-widget_type=\"text-editor.default\">\n\t\t\t\t\t\t\t\t\t<h2>Pourquoi choisir Aigal Studio ?<\/h2><p>Photographe et vid\u00e9aste \u00e0 Gen\u00e8ve, Aigal Studio accompagne les entreprises et organisations dans la r\u00e9alisation de reportages photo et vid\u00e9os professionnels pour leurs \u00e9v\u00e9nements, conf\u00e9rences et communication.<\/p>\t\t\t\t\t\t\t\t<\/div>\n\t\t<div class=\"elementor-element elementor-element-5949a57 e-flex e-con-boxed e-con e-child\" data-id=\"5949a57\" data-element_type=\"container\" data-e-type=\"container\">\n\t\t\t\t\t<div class=\"e-con-inner\">\n\t\t\t\t<div class=\"elementor-element elementor-element-b8404a0 elementor-view-stacked elementor-shape-square elementor-widget__width-initial elementor-position-block-start elementor-mobile-position-block-start elementor-widget elementor-widget-icon-box\" data-id=\"b8404a0\" data-element_type=\"widget\" data-e-type=\"widget\" data-widget_type=\"icon-box.default\">\n\t\t\t\t\t\t\t<div class=\"elementor-icon-box-wrapper\">\n\n\t\t\t\t\t\t<div class=\"elementor-icon-box-icon\">\n\t\t\t\t<span  class=\"elementor-icon elementor-animation-shrink\">\n\t\t\t\t<svg aria-hidden=\"true\" class=\"e-font-icon-svg e-fas-location-arrow\" viewbox=\"0 0 512 512\" xmlns=\"http:\/\/www.w3.org\/2000\/svg\"><path d=\"M444.52 3.52L28.74 195.42c-47.97 22.39-31.98 92.75 19.19 92.75h175.91v175.91c0 51.17 70.36 67.17 92.75 19.19l191.9-415.78c15.99-38.39-25.59-79.97-63.97-63.97z\"><\/path><\/svg>\t\t\t\t<\/span>\n\t\t\t<\/div>\n\t\t\t\n\t\t\t\t\t\t<div class=\"elementor-icon-box-content\">\n\n\t\t\t\t\t\t\t\t\t<h3 class=\"elementor-icon-box-title\">\n\t\t\t\t\t\t<span  >\n\t\t\t\t\t\t\tProximit\u00e9\t\t\t\t\t\t<\/span>\n\t\t\t\t\t<\/h3>\n\t\t\t\t\n\t\t\t\t\t\t\t\t\t<p class=\"elementor-icon-box-description\">\n\t\t\t\t\t\tBas\u00e9s \u00e0 Gen\u00e8ve, nous connaissons parfaitement le tissu \u00e9conomique de Suisse romande et les exigences des \u00e9v\u00e9nements professionnels.\t\t\t\t\t<\/p>\n\t\t\t\t\n\t\t\t<\/div>\n\t\t\t\n\t\t<\/div>\n\t\t\t\t\t\t<\/div>\n\t\t\t\t<div class=\"elementor-element elementor-element-0c356ca elementor-view-stacked elementor-shape-square elementor-widget__width-initial elementor-position-block-start elementor-mobile-position-block-start elementor-widget elementor-widget-icon-box\" data-id=\"0c356ca\" data-element_type=\"widget\" data-e-type=\"widget\" data-widget_type=\"icon-box.default\">\n\t\t\t\t\t\t\t<div class=\"elementor-icon-box-wrapper\">\n\n\t\t\t\t\t\t<div class=\"elementor-icon-box-icon\">\n\t\t\t\t<span  class=\"elementor-icon elementor-animation-shrink\">\n\t\t\t\t<svg aria-hidden=\"true\" class=\"e-font-icon-svg e-fas-heart\" viewbox=\"0 0 512 512\" xmlns=\"http:\/\/www.w3.org\/2000\/svg\"><path d=\"M462.3 62.6C407.5 15.9 326 24.3 275.7 76.2L256 96.5l-19.7-20.3C186.1 24.3 104.5 15.9 49.7 62.6c-62.8 53.6-66.1 149.8-9.9 207.9l193.5 199.8c12.5 12.9 32.8 12.9 45.3 0l193.5-199.8c56.3-58.1 53-154.3-9.8-207.9z\"><\/path><\/svg>\t\t\t\t<\/span>\n\t\t\t<\/div>\n\t\t\t\n\t\t\t\t\t\t<div class=\"elementor-icon-box-content\">\n\n\t\t\t\t\t\t\t\t\t<h3 class=\"elementor-icon-box-title\">\n\t\t\t\t\t\t<span  >\n\t\t\t\t\t\t\tVision artistique\t\t\t\t\t\t<\/span>\n\t\t\t\t\t<\/h3>\n\t\t\t\t\n\t\t\t\t\t\t\t\t\t<p class=\"elementor-icon-box-description\">\n\t\t\t\t\t\tBas\u00e9s \u00e0 Gen\u00e8ve, nous connaissons parfaitement le tissu \u00e9conomique de Suisse romande et les exigences des \u00e9v\u00e9nements professionnels.\t\t\t\t\t<\/p>\n\t\t\t\t\n\t\t\t<\/div>\n\t\t\t\n\t\t<\/div>\n\t\t\t\t\t\t<\/div>\n\t\t\t\t<div class=\"elementor-element elementor-element-5c47838 elementor-view-stacked elementor-shape-square elementor-widget__width-initial elementor-position-block-start elementor-mobile-position-block-start elementor-widget elementor-widget-icon-box\" data-id=\"5c47838\" data-element_type=\"widget\" data-e-type=\"widget\" data-widget_type=\"icon-box.default\">\n\t\t\t\t\t\t\t<div class=\"elementor-icon-box-wrapper\">\n\n\t\t\t\t\t\t<div class=\"elementor-icon-box-icon\">\n\t\t\t\t<span  class=\"elementor-icon elementor-animation-shrink\">\n\t\t\t\t<svg aria-hidden=\"true\" class=\"e-font-icon-svg e-far-clock\" viewbox=\"0 0 512 512\" xmlns=\"http:\/\/www.w3.org\/2000\/svg\"><path d=\"M256 8C119 8 8 119 8 256s111 248 248 248 248-111 248-248S393 8 256 8zm0 448c-110.5 0-200-89.5-200-200S145.5 56 256 56s200 89.5 200 200-89.5 200-200 200zm61.8-104.4l-84.9-61.7c-3.1-2.3-4.9-5.9-4.9-9.7V116c0-6.6 5.4-12 12-12h32c6.6 0 12 5.4 12 12v141.7l66.8 48.6c5.4 3.9 6.5 11.4 2.6 16.8L334.6 349c-3.9 5.3-11.4 6.5-16.8 2.6z\"><\/path><\/svg>\t\t\t\t<\/span>\n\t\t\t<\/div>\n\t\t\t\n\t\t\t\t\t\t<div class=\"elementor-icon-box-content\">\n\n\t\t\t\t\t\t\t\t\t<h3 class=\"elementor-icon-box-title\">\n\t\t\t\t\t\t<span  >\n\t\t\t\t\t\t\tProfessionnel\t\t\t\t\t\t<\/span>\n\t\t\t\t\t<\/h3>\n\t\t\t\t\n\t\t\t\t\t\t\t\t\t<p class=\"elementor-icon-box-description\">\n\t\t\t\t\t\tPassionn\u00e9s par l'image, nous cr\u00e9ons des photos et vid\u00e9os authentiques qui capturent l\u2019\u00e9nergie de vos \u00e9v\u00e9nements et racontent votre histoire.\n\t\t\t\t\t<\/p>\n\t\t\t\t\n\t\t\t<\/div>\n\t\t\t\n\t\t<\/div>\n\t\t\t\t\t\t<\/div>\n\t\t\t\t<div class=\"elementor-element elementor-element-a7d8ecf elementor-view-stacked elementor-shape-square elementor-widget__width-initial elementor-position-block-start elementor-mobile-position-block-start elementor-widget elementor-widget-icon-box\" data-id=\"a7d8ecf\" data-element_type=\"widget\" data-e-type=\"widget\" data-widget_type=\"icon-box.default\">\n\t\t\t\t\t\t\t<div class=\"elementor-icon-box-wrapper\">\n\n\t\t\t\t\t\t<div class=\"elementor-icon-box-icon\">\n\t\t\t\t<span  class=\"elementor-icon elementor-animation-shrink\">\n\t\t\t\t<svg aria-hidden=\"true\" class=\"e-font-icon-svg e-fas-arrows-alt-h\" viewbox=\"0 0 512 512\" xmlns=\"http:\/\/www.w3.org\/2000\/svg\"><path d=\"M377.941 169.941V216H134.059v-46.059c0-21.382-25.851-32.09-40.971-16.971L7.029 239.029c-9.373 9.373-9.373 24.568 0 33.941l86.059 86.059c15.119 15.119 40.971 4.411 40.971-16.971V296h243.882v46.059c0 21.382 25.851 32.09 40.971 16.971l86.059-86.059c9.373-9.373 9.373-24.568 0-33.941l-86.059-86.059c-15.119-15.12-40.971-4.412-40.971 16.97z\"><\/path><\/svg>\t\t\t\t<\/span>\n\t\t\t<\/div>\n\t\t\t\n\t\t\t\t\t\t<div class=\"elementor-icon-box-content\">\n\n\t\t\t\t\t\t\t\t\t<h3 class=\"elementor-icon-box-title\">\n\t\t\t\t\t\t<span  >\n\t\t\t\t\t\t\tAdaptation\t\t\t\t\t\t<\/span>\n\t\t\t\t\t<\/h3>\n\t\t\t\t\n\t\t\t\t\t\t\t\t\t<p class=\"elementor-icon-box-description\">\n\t\t\t\t\t\tNos clients appr\u00e9cient notre professionnalisme, notre ponctualit\u00e9 et notre attention aux d\u00e9tails \u00e0 chaque \u00e9tape de la production.\n\t\t\t\t\t<\/p>\n\t\t\t\t\n\t\t\t<\/div>\n\t\t\t\n\t\t<\/div>\n\t\t\t\t\t\t<\/div>\n\t\t\t\t\t<\/div>\n\t\t\t\t<\/div>\n\t\t\t\t<\/div>\n\t\t\t\t<\/div>","protected":false},"excerpt":{"rendered":"<p>Photographe \u00e9v\u00e9nementiel et vid\u00e9aste \u00e0 Gen\u00e8ve Photographe et vid\u00e9aste bas\u00e9 \u00e0 Gen\u00e8ve, Aigal Studio r\u00e9alise des reportages photo et vid\u00e9o pour les entreprises, conf\u00e9rences et \u00e9v\u00e9nements en Suisse. Depuis 2016, nous accompagnons entreprises, institutions et organisations dans la cr\u00e9ation d\u2019images professionnelles pour valoriser leurs \u00e9v\u00e9nements et leur communication. \u2192 Photographie \u00e9v\u00e9nementielle \u2192 R\u00e9alisation vid\u00e9o \u2192 [&hellip;]<\/p>\n","protected":false},"author":1,"featured_media":36755,"parent":0,"menu_order":1,"comment_status":"closed","ping_status":"closed","template":"","meta":{"_acf_changed":false,"footnotes":""},"class_list":["post-31822","page","type-page","status-publish","has-post-thumbnail","hentry"],"acf":[],"_links":{"self":[{"href":"https:\/\/aigal-studio.ch\/en\/wp-json\/wp\/v2\/pages\/31822","targetHints":{"allow":["GET"]}}],"collection":[{"href":"https:\/\/aigal-studio.ch\/en\/wp-json\/wp\/v2\/pages"}],"about":[{"href":"https:\/\/aigal-studio.ch\/en\/wp-json\/wp\/v2\/types\/page"}],"author":[{"embeddable":true,"href":"https:\/\/aigal-studio.ch\/en\/wp-json\/wp\/v2\/users\/1"}],"replies":[{"embeddable":true,"href":"https:\/\/aigal-studio.ch\/en\/wp-json\/wp\/v2\/comments?post=31822"}],"version-history":[{"count":1057,"href":"https:\/\/aigal-studio.ch\/en\/wp-json\/wp\/v2\/pages\/31822\/revisions"}],"predecessor-version":[{"id":40372,"href":"https:\/\/aigal-studio.ch\/en\/wp-json\/wp\/v2\/pages\/31822\/revisions\/40372"}],"wp:featuredmedia":[{"embeddable":true,"href":"https:\/\/aigal-studio.ch\/en\/wp-json\/wp\/v2\/media\/36755"}],"wp:attachment":[{"href":"https:\/\/aigal-studio.ch\/en\/wp-json\/wp\/v2\/media?parent=31822"}],"curies":[{"name":"wp","href":"https:\/\/api.w.org\/{rel}","templated":true}]}}