{"id":12922,"date":"2019-11-30T22:32:18","date_gmt":"2019-11-30T21:32:18","guid":{"rendered":"https:\/\/aigal-studio.fr\/?page_id=12922"},"modified":"2026-03-12T10:12:48","modified_gmt":"2026-03-12T09:12:48","slug":"portrait-professionnel-geneve","status":"publish","type":"page","link":"https:\/\/aigal-studio.ch\/en\/portrait-professionnel-geneve\/","title":{"rendered":"Photographe de portrait professionnel \u00e0 Gen\u00e8ve"},"content":{"rendered":"\t\t<div data-elementor-type=\"wp-page\" data-elementor-id=\"12922\" class=\"elementor elementor-12922\" data-elementor-post-type=\"page\">\n\t\t\t\t<div class=\"elementor-element elementor-element-c40c73b e-con-full e-flex e-con e-parent\" data-id=\"c40c73b\" data-element_type=\"container\" data-e-type=\"container\" data-settings=\"{&quot;background_background&quot;:&quot;classic&quot;}\">\n\t\t\t\t<div class=\"elementor-element elementor-element-d7206b2 elementor-widget elementor-widget-heading\" data-id=\"d7206b2\" data-element_type=\"widget\" data-e-type=\"widget\" data-widget_type=\"heading.default\">\n\t\t\t\t\t<h1 class=\"elementor-heading-title elementor-size-default\">Photographe de portrait professionnel \u00e0 Gen\u00e8ve<\/h1>\t\t\t\t<\/div>\n\t\t\t\t<div class=\"elementor-element elementor-element-73b99f7 elementor-widget elementor-widget-text-editor\" data-id=\"73b99f7\" data-element_type=\"widget\" data-e-type=\"widget\" data-widget_type=\"text-editor.default\">\n\t\t\t\t\t\t\t\t\t<p>Des portraits qui racontent votre histoire.<\/p>\t\t\t\t\t\t\t\t<\/div>\n\t\t\t\t<div class=\"elementor-element elementor-element-0668e3f elementor-widget__width-inherit elementor-widget elementor-widget-button\" data-id=\"0668e3f\" data-element_type=\"widget\" data-e-type=\"widget\" data-widget_type=\"button.default\">\n\t\t\t\t\t\t\t\t\t\t<a class=\"elementor-button elementor-button-link elementor-size-sm\" href=\"#about_photo\">\n\t\t\t\t\t\t<span class=\"elementor-button-content-wrapper\">\n\t\t\t\t\t\t\t\t\t<span class=\"elementor-button-text\">D\u00e9couvrir<\/span>\n\t\t\t\t\t<\/span>\n\t\t\t\t\t<\/a>\n\t\t\t\t\t\t\t\t<\/div>\n\t\t\t\t<\/div>\n\t\t<div class=\"elementor-element elementor-element-e27ea29 e-con-full e-flex e-con e-parent\" data-id=\"e27ea29\" data-element_type=\"container\" data-e-type=\"container\" data-settings=\"{&quot;background_background&quot;:&quot;classic&quot;}\">\n\t\t<div class=\"elementor-element elementor-element-70f8f09 e-con-full e-flex e-con e-child\" data-id=\"70f8f09\" data-element_type=\"container\" data-e-type=\"container\" data-settings=\"{&quot;background_background&quot;:&quot;classic&quot;}\">\n\t\t\t\t<div class=\"elementor-element elementor-element-603971e elementor-widget__width-initial elementor-widget elementor-widget-heading\" data-id=\"603971e\" data-element_type=\"widget\" data-e-type=\"widget\" data-widget_type=\"heading.default\">\n\t\t\t\t\t<h1 class=\"elementor-heading-title elementor-size-default\">Des portraits qui vous font briller.<\/h1>\t\t\t\t<\/div>\n\t\t\t\t<div class=\"elementor-element elementor-element-9eebfd2 elementor-widget elementor-widget-text-editor\" data-id=\"9eebfd2\" data-element_type=\"widget\" data-e-type=\"widget\" data-widget_type=\"text-editor.default\">\n\t\t\t\t\t\t\t\t\t<div class=\"flex flex-grow flex-col gap-3\"><div class=\"min-h-[20px] flex flex-col items-start gap-4 whitespace-pre-wrap break-words\"><div class=\"markdown prose w-full break-words dark:prose-invert light\"><p>Avec une approche personnalis\u00e9e et empathique, nous capturons votre v\u00e9ritable essence et cr\u00e9ons des portraits intemporels qui refl\u00e8tent votre personnalit\u00e9.<\/p><p>Que ce soit pour votre site internet, votre profil LinkedIn, votre image professionnel ou votre h\u00e9ritage familial, nos portraits artistiques vous permettront de briller avec confiance et \u00e9l\u00e9gance.<\/p><\/div><\/div><\/div>\t\t\t\t\t\t\t\t<\/div>\n\t\t\t\t<div class=\"elementor-element elementor-element-0b54a09 elementor-mobile-align-center elementor-widget elementor-widget-button\" data-id=\"0b54a09\" data-element_type=\"widget\" data-e-type=\"widget\" data-widget_type=\"button.default\">\n\t\t\t\t\t\t\t\t\t\t<a class=\"elementor-button elementor-button-link elementor-size-sm\" href=\"#services\">\n\t\t\t\t\t\t<span class=\"elementor-button-content-wrapper\">\n\t\t\t\t\t\t\t\t\t<span class=\"elementor-button-text\">Nos services<\/span>\n\t\t\t\t\t<\/span>\n\t\t\t\t\t<\/a>\n\t\t\t\t\t\t\t\t<\/div>\n\t\t\t\t<\/div>\n\t\t<div class=\"elementor-element elementor-element-139184e e-con-full e-flex e-con e-child\" data-id=\"139184e\" data-element_type=\"container\" data-e-type=\"container\" data-settings=\"{&quot;background_background&quot;:&quot;classic&quot;}\">\n\t\t\t\t<div class=\"elementor-element elementor-element-5439750 elementor-widget elementor-widget-image\" data-id=\"5439750\" data-element_type=\"widget\" data-e-type=\"widget\" data-widget_type=\"image.default\">\n\t\t\t\t\t\t\t\t\t\t\t\t\t\t\t<img fetchpriority=\"high\" decoding=\"async\" width=\"800\" height=\"534\" src=\"https:\/\/aigal-studio.ch\/wp-content\/uploads\/2021\/12\/R4_06553_Banque_Syz_Dominik_Staffelbach-1024x683.jpg\" class=\"attachment-large size-large wp-image-31456\" alt=\"Banque Syz portrait Dominik Staffelbach\" srcset=\"https:\/\/aigal-studio.ch\/wp-content\/uploads\/2021\/12\/R4_06553_Banque_Syz_Dominik_Staffelbach-1024x683.jpg 1024w, https:\/\/aigal-studio.ch\/wp-content\/uploads\/2021\/12\/R4_06553_Banque_Syz_Dominik_Staffelbach-300x200.jpg 300w, https:\/\/aigal-studio.ch\/wp-content\/uploads\/2021\/12\/R4_06553_Banque_Syz_Dominik_Staffelbach-768x512.jpg 768w, https:\/\/aigal-studio.ch\/wp-content\/uploads\/2021\/12\/R4_06553_Banque_Syz_Dominik_Staffelbach-1536x1024.jpg 1536w, https:\/\/aigal-studio.ch\/wp-content\/uploads\/2021\/12\/R4_06553_Banque_Syz_Dominik_Staffelbach-1568x1045.jpg 1568w, https:\/\/aigal-studio.ch\/wp-content\/uploads\/2021\/12\/R4_06553_Banque_Syz_Dominik_Staffelbach.jpg 2048w\" sizes=\"(max-width: 800px) 100vw, 800px\" \/>\t\t\t\t\t\t\t\t\t\t\t\t\t\t\t<\/div>\n\t\t\t\t<\/div>\n\t\t\t\t<\/div>\n\t\t<div class=\"elementor-element elementor-element-531e53a e-con-full e-flex e-con e-parent\" data-id=\"531e53a\" data-element_type=\"container\" data-e-type=\"container\">\n\t\t<div class=\"elementor-element elementor-element-002130f e-con-full e-flex e-con e-child\" data-id=\"002130f\" data-element_type=\"container\" data-e-type=\"container\">\n\t\t<div class=\"elementor-element elementor-element-dfbe412 e-con-full e-flex e-con e-child\" data-id=\"dfbe412\" data-element_type=\"container\" data-e-type=\"container\">\n\t\t\t\t<div class=\"elementor-element elementor-element-6386444 elementor-widget elementor-widget-image\" data-id=\"6386444\" data-element_type=\"widget\" data-e-type=\"widget\" data-widget_type=\"image.default\">\n\t\t\t\t\t\t\t\t\t\t\t\t\t\t\t<img decoding=\"async\" width=\"683\" height=\"1024\" src=\"https:\/\/aigal-studio.ch\/wp-content\/uploads\/2021\/11\/Photographe_Portrait_Geneve_Talyssa_1-683x1024.jpg\" class=\"attachment-large size-large wp-image-31212\" alt=\"Photographe Portrait Gen\u00e8ve\" srcset=\"https:\/\/aigal-studio.ch\/wp-content\/uploads\/2021\/11\/Photographe_Portrait_Geneve_Talyssa_1-683x1024.jpg 683w, https:\/\/aigal-studio.ch\/wp-content\/uploads\/2021\/11\/Photographe_Portrait_Geneve_Talyssa_1-200x300.jpg 200w, https:\/\/aigal-studio.ch\/wp-content\/uploads\/2021\/11\/Photographe_Portrait_Geneve_Talyssa_1-768x1152.jpg 768w, https:\/\/aigal-studio.ch\/wp-content\/uploads\/2021\/11\/Photographe_Portrait_Geneve_Talyssa_1-1024x1536.jpg 1024w, https:\/\/aigal-studio.ch\/wp-content\/uploads\/2021\/11\/Photographe_Portrait_Geneve_Talyssa_1-1365x2048.jpg 1365w, https:\/\/aigal-studio.ch\/wp-content\/uploads\/2021\/11\/Photographe_Portrait_Geneve_Talyssa_1-1568x2352.jpg 1568w, https:\/\/aigal-studio.ch\/wp-content\/uploads\/2021\/11\/Photographe_Portrait_Geneve_Talyssa_1-scaled.jpg 1707w\" sizes=\"(max-width: 683px) 100vw, 683px\" \/>\t\t\t\t\t\t\t\t\t\t\t\t\t\t\t<\/div>\n\t\t\t\t<div class=\"elementor-element elementor-element-ac7c72a elementor-widget elementor-widget-image\" data-id=\"ac7c72a\" data-element_type=\"widget\" data-e-type=\"widget\" data-widget_type=\"image.default\">\n\t\t\t\t\t\t\t\t\t\t\t\t\t\t\t<img decoding=\"async\" width=\"768\" height=\"1024\" src=\"https:\/\/aigal-studio.ch\/wp-content\/uploads\/2021\/05\/DSC04813-768x1024.jpg\" class=\"attachment-large size-large wp-image-29939\" alt=\"Photographe portrait entreprise Gen\u00e8ve\" srcset=\"https:\/\/aigal-studio.ch\/wp-content\/uploads\/2021\/05\/DSC04813-768x1024.jpg 768w, https:\/\/aigal-studio.ch\/wp-content\/uploads\/2021\/05\/DSC04813-225x300.jpg 225w, https:\/\/aigal-studio.ch\/wp-content\/uploads\/2021\/05\/DSC04813-1152x1536.jpg 1152w, https:\/\/aigal-studio.ch\/wp-content\/uploads\/2021\/05\/DSC04813-1536x2048.jpg 1536w, https:\/\/aigal-studio.ch\/wp-content\/uploads\/2021\/05\/DSC04813-1568x2091.jpg 1568w, https:\/\/aigal-studio.ch\/wp-content\/uploads\/2021\/05\/DSC04813-scaled.jpg 1920w\" sizes=\"(max-width: 768px) 100vw, 768px\" \/>\t\t\t\t\t\t\t\t\t\t\t\t\t\t\t<\/div>\n\t\t\t\t<\/div>\n\t\t<div class=\"elementor-element elementor-element-6e4d3a5 e-con-full e-flex e-con e-child\" data-id=\"6e4d3a5\" data-element_type=\"container\" data-e-type=\"container\">\n\t\t\t\t<div class=\"elementor-element elementor-element-3747a10 elementor-widget elementor-widget-image\" data-id=\"3747a10\" data-element_type=\"widget\" data-e-type=\"widget\" data-widget_type=\"image.default\">\n\t\t\t\t\t\t\t\t\t\t\t\t\t\t\t<img loading=\"lazy\" decoding=\"async\" width=\"768\" height=\"1024\" src=\"https:\/\/aigal-studio.ch\/wp-content\/uploads\/2021\/05\/R4_04210-768x1024.jpg\" class=\"attachment-large size-large wp-image-29951\" alt=\"Photographe Portrait Gen\u00e8ve Suisse\" srcset=\"https:\/\/aigal-studio.ch\/wp-content\/uploads\/2021\/05\/R4_04210-768x1024.jpg 768w, https:\/\/aigal-studio.ch\/wp-content\/uploads\/2021\/05\/R4_04210-225x300.jpg 225w, https:\/\/aigal-studio.ch\/wp-content\/uploads\/2021\/05\/R4_04210-1152x1536.jpg 1152w, https:\/\/aigal-studio.ch\/wp-content\/uploads\/2021\/05\/R4_04210-1536x2048.jpg 1536w, https:\/\/aigal-studio.ch\/wp-content\/uploads\/2021\/05\/R4_04210-1568x2091.jpg 1568w, https:\/\/aigal-studio.ch\/wp-content\/uploads\/2021\/05\/R4_04210-scaled.jpg 1920w\" sizes=\"(max-width: 768px) 100vw, 768px\" \/>\t\t\t\t\t\t\t\t\t\t\t\t\t\t\t<\/div>\n\t\t\t\t<div class=\"elementor-element elementor-element-f367e93 elementor-widget elementor-widget-image\" data-id=\"f367e93\" data-element_type=\"widget\" data-e-type=\"widget\" data-widget_type=\"image.default\">\n\t\t\t\t\t\t\t\t\t\t\t\t\t\t\t<img loading=\"lazy\" decoding=\"async\" width=\"683\" height=\"1024\" src=\"https:\/\/aigal-studio.ch\/wp-content\/uploads\/2021\/11\/Photographe_Portrait_Geneve_Talyssa_2-683x1024.jpg\" class=\"attachment-large size-large wp-image-31211\" alt=\"Photographe Portrait Gen\u00e8ve\" srcset=\"https:\/\/aigal-studio.ch\/wp-content\/uploads\/2021\/11\/Photographe_Portrait_Geneve_Talyssa_2-683x1024.jpg 683w, https:\/\/aigal-studio.ch\/wp-content\/uploads\/2021\/11\/Photographe_Portrait_Geneve_Talyssa_2-200x300.jpg 200w, https:\/\/aigal-studio.ch\/wp-content\/uploads\/2021\/11\/Photographe_Portrait_Geneve_Talyssa_2-768x1152.jpg 768w, https:\/\/aigal-studio.ch\/wp-content\/uploads\/2021\/11\/Photographe_Portrait_Geneve_Talyssa_2-1024x1536.jpg 1024w, https:\/\/aigal-studio.ch\/wp-content\/uploads\/2021\/11\/Photographe_Portrait_Geneve_Talyssa_2-1365x2048.jpg 1365w, https:\/\/aigal-studio.ch\/wp-content\/uploads\/2021\/11\/Photographe_Portrait_Geneve_Talyssa_2-1568x2352.jpg 1568w, https:\/\/aigal-studio.ch\/wp-content\/uploads\/2021\/11\/Photographe_Portrait_Geneve_Talyssa_2-scaled.jpg 1707w\" sizes=\"(max-width: 683px) 100vw, 683px\" \/>\t\t\t\t\t\t\t\t\t\t\t\t\t\t\t<\/div>\n\t\t\t\t<\/div>\n\t\t\t\t<\/div>\n\t\t<div class=\"elementor-element elementor-element-3d84b6e e-con-full e-flex e-con e-child\" data-id=\"3d84b6e\" data-element_type=\"container\" data-e-type=\"container\">\n\t\t\t\t<div class=\"elementor-element elementor-element-b2a1bd1 elementor-widget elementor-widget-heading\" data-id=\"b2a1bd1\" data-element_type=\"widget\" data-e-type=\"widget\" data-widget_type=\"heading.default\">\n\t\t\t\t\t<h2 class=\"elementor-heading-title elementor-size-default\">Chez nous ou chez vous, votre choix.<\/h2>\t\t\t\t<\/div>\n\t\t\t\t<div class=\"elementor-element elementor-element-a19e87f elementor-widget elementor-widget-text-editor\" data-id=\"a19e87f\" data-element_type=\"widget\" data-e-type=\"widget\" data-widget_type=\"text-editor.default\">\n\t\t\t\t\t\t\t\t\t<p>Nous vous accueillons dans notre studio am\u00e9nag\u00e9 de 40m2 pour votre s\u00e9ance photo sur fond blanc ou fond noir.<\/p><p>Nous pouvons \u00e9galement installer notre \u00e9clairage et nos fonds de couleurs dans vos locaux.<\/p>\t\t\t\t\t\t\t\t<\/div>\n\t\t\t\t<div class=\"elementor-element elementor-element-946b4d9 elementor-widget__width-auto elementor-widget elementor-widget-price-list\" data-id=\"946b4d9\" data-element_type=\"widget\" data-e-type=\"widget\" data-widget_type=\"price-list.default\">\n\t\t\t\t\t\n\t\t<ul class=\"elementor-price-list\">\n\n\t\t\t\t\t\t\t\t\t<li><a class=\"elementor-price-list-item\" href=\"#\">\t\t\t\t\n\t\t\t\t<div class=\"elementor-price-list-text\">\n\t\t\t\t\t\t\t\t\t<div class=\"elementor-price-list-header\">\n\t\t\t\t\t\t\t\t\t\t\t<span class=\"elementor-price-list-title\">\n\t\t\t\t\t\t\tTarif photo de portrait en entreprise (6 personnes et +)\t\t\t\t\t\t<\/span>\n\t\t\t\t\t\t\t\t\t\t\t\t\t\t\t\t\t\t<span class=\"elementor-price-list-separator\"><\/span>\n\t\t\t\t\t\t\t\t\t\t\t\t\t\t\t\t\t\t\t<span class=\"elementor-price-list-price\">450 CHF<\/span>\n\t\t\t\t\t\t\t\t\t\t<\/div>\n\t\t\t\t\t\t\t\t\t\t\t\t\t\t\t<p class=\"elementor-price-list-description\">\n\t\t\t\t\t\t\t- 2 heures de shooting dans vos bureaux<br>\n- Cadrage plan taille<br>\n- Traitement l\u00e9ger des photos<br>\n- Livraison des photos en haute d\u00e9finition<br>\n\n\t\t\t\t\t\t<\/p>\n\t\t\t\t\t\t\t\t<\/div>\n\t\t\t\t<\/a><\/li>\t\t\t\t\t\n\t\t<\/ul>\n\n\t\t\t\t\t\t<\/div>\n\t\t\t\t<\/div>\n\t\t\t\t<\/div>\n\t\t<div class=\"elementor-element elementor-element-e1c2db8 e-flex e-con-boxed e-con e-parent\" data-id=\"e1c2db8\" data-element_type=\"container\" data-e-type=\"container\">\n\t\t\t\t\t<div class=\"e-con-inner\">\n\t\t\t\t<div class=\"elementor-element elementor-element-ed797cf elementor-widget elementor-widget-gallery\" data-id=\"ed797cf\" data-element_type=\"widget\" data-e-type=\"widget\" data-settings=\"{&quot;overlay_title&quot;:&quot;alt&quot;,&quot;gallery_layout&quot;:&quot;masonry&quot;,&quot;columns&quot;:3,&quot;lazyload&quot;:&quot;yes&quot;,&quot;columns_tablet&quot;:2,&quot;columns_mobile&quot;:1,&quot;gap&quot;:{&quot;unit&quot;:&quot;px&quot;,&quot;size&quot;:10,&quot;sizes&quot;:[]},&quot;gap_tablet&quot;:{&quot;unit&quot;:&quot;px&quot;,&quot;size&quot;:10,&quot;sizes&quot;:[]},&quot;gap_mobile&quot;:{&quot;unit&quot;:&quot;px&quot;,&quot;size&quot;:10,&quot;sizes&quot;:[]},&quot;overlay_background&quot;:&quot;yes&quot;,&quot;content_hover_animation&quot;:&quot;fade-in&quot;}\" data-widget_type=\"gallery.default\">\n\t\t\t\t\t\t\t<div class=\"elementor-gallery__container\">\n\t\t\t\t\t\t\t<div class=\"e-gallery-item elementor-gallery-item elementor-animated-content\" tabindex=\"0\">\n\t\t\t\t\t<div class=\"e-gallery-image elementor-gallery-item__image\" data-thumbnail=\"https:\/\/aigal-studio.ch\/wp-content\/uploads\/2021\/05\/R4_04161-768x1152.jpg\" data-width=\"768\" data-height=\"1152\" aria-label=\"Photographe Portrait Gen\u00e8ve Suisse\" role=\"img\" ><\/div>\n\t\t\t\t\t\t\t\t\t\t\t<div class=\"elementor-gallery-item__overlay\"><\/div>\n\t\t\t\t\t\t\t\t\t\t\t\t\t\t\t<div class=\"elementor-gallery-item__content\">\n\t\t\t\t\t\t\t\t\t\t\t\t\t\t<div class=\"elementor-gallery-item__title\">\n\t\t\t\t\t\t\t\t\t\t\t\t\t\t\t\t\t\tPhotographe Portrait Gen\u00e8ve Suisse\t\t\t\t\t\t\t\t<\/div>\n\t\t\t\t\t\t\t\t\t\t\t\t<\/div>\n\t\t\t\t\t\t\t\t\t<\/div>\n\t\t\t\t\t\t\t<div class=\"e-gallery-item elementor-gallery-item elementor-animated-content\" tabindex=\"0\">\n\t\t\t\t\t<div class=\"e-gallery-image elementor-gallery-item__image\" data-thumbnail=\"https:\/\/aigal-studio.ch\/wp-content\/uploads\/2023\/05\/0007_Aigal_00891-768x512.jpg\" data-width=\"768\" data-height=\"512\" aria-label=\"Photographe portrait professionnel Gen\u00e8ve\" role=\"img\" ><\/div>\n\t\t\t\t\t\t\t\t\t\t\t<div class=\"elementor-gallery-item__overlay\"><\/div>\n\t\t\t\t\t\t\t\t\t\t\t\t\t\t\t<div class=\"elementor-gallery-item__content\">\n\t\t\t\t\t\t\t\t\t\t\t\t\t\t<div class=\"elementor-gallery-item__title\">\n\t\t\t\t\t\t\t\t\t\t\t\t\t\t\t\t\t\tPhotographe portrait professionnel Gen\u00e8ve\t\t\t\t\t\t\t\t<\/div>\n\t\t\t\t\t\t\t\t\t\t\t\t<\/div>\n\t\t\t\t\t\t\t\t\t<\/div>\n\t\t\t\t\t\t\t<div class=\"e-gallery-item elementor-gallery-item elementor-animated-content\" tabindex=\"0\">\n\t\t\t\t\t<div class=\"e-gallery-image elementor-gallery-item__image\" data-thumbnail=\"https:\/\/aigal-studio.ch\/wp-content\/uploads\/2021\/05\/DSC01412-768x1151.jpg\" data-width=\"768\" data-height=\"1151\" aria-label=\"Portrait Neuch\u00e2tel\" role=\"img\" ><\/div>\n\t\t\t\t\t\t\t\t\t\t\t<div class=\"elementor-gallery-item__overlay\"><\/div>\n\t\t\t\t\t\t\t\t\t\t\t\t\t\t\t<div class=\"elementor-gallery-item__content\">\n\t\t\t\t\t\t\t\t\t\t\t\t\t\t<div class=\"elementor-gallery-item__title\">\n\t\t\t\t\t\t\t\t\t\t\t\t\t\t\t\t\t\tPortrait Neuch\u00e2tel\t\t\t\t\t\t\t\t<\/div>\n\t\t\t\t\t\t\t\t\t\t\t\t<\/div>\n\t\t\t\t\t\t\t\t\t<\/div>\n\t\t\t\t\t\t\t<div class=\"e-gallery-item elementor-gallery-item elementor-animated-content\" tabindex=\"0\">\n\t\t\t\t\t<div class=\"e-gallery-image elementor-gallery-item__image\" data-thumbnail=\"https:\/\/aigal-studio.ch\/wp-content\/uploads\/2021\/05\/DSC01508-768x1024.jpg\" data-width=\"768\" data-height=\"1024\" aria-label=\"Portrait Neuch\u00e2tel\" role=\"img\" ><\/div>\n\t\t\t\t\t\t\t\t\t\t\t<div class=\"elementor-gallery-item__overlay\"><\/div>\n\t\t\t\t\t\t\t\t\t\t\t\t\t\t\t<div class=\"elementor-gallery-item__content\">\n\t\t\t\t\t\t\t\t\t\t\t\t\t\t<div class=\"elementor-gallery-item__title\">\n\t\t\t\t\t\t\t\t\t\t\t\t\t\t\t\t\t\tPortrait Neuch\u00e2tel\t\t\t\t\t\t\t\t<\/div>\n\t\t\t\t\t\t\t\t\t\t\t\t<\/div>\n\t\t\t\t\t\t\t\t\t<\/div>\n\t\t\t\t\t\t\t<div class=\"e-gallery-item elementor-gallery-item elementor-animated-content\" tabindex=\"0\">\n\t\t\t\t\t<div class=\"e-gallery-image elementor-gallery-item__image\" data-thumbnail=\"https:\/\/aigal-studio.ch\/wp-content\/uploads\/2021\/05\/DSC01501-768x1151.jpg\" data-width=\"768\" data-height=\"1151\" aria-label=\"Portrait Neuch\u00e2tel\" role=\"img\" ><\/div>\n\t\t\t\t\t\t\t\t\t\t\t<div class=\"elementor-gallery-item__overlay\"><\/div>\n\t\t\t\t\t\t\t\t\t\t\t\t\t\t\t<div class=\"elementor-gallery-item__content\">\n\t\t\t\t\t\t\t\t\t\t\t\t\t\t<div class=\"elementor-gallery-item__title\">\n\t\t\t\t\t\t\t\t\t\t\t\t\t\t\t\t\t\tPortrait Neuch\u00e2tel\t\t\t\t\t\t\t\t<\/div>\n\t\t\t\t\t\t\t\t\t\t\t\t<\/div>\n\t\t\t\t\t\t\t\t\t<\/div>\n\t\t\t\t\t\t\t<div class=\"e-gallery-item elementor-gallery-item elementor-animated-content\" tabindex=\"0\">\n\t\t\t\t\t<div class=\"e-gallery-image elementor-gallery-item__image\" data-thumbnail=\"https:\/\/aigal-studio.ch\/wp-content\/uploads\/2021\/05\/DSC01542-768x1151.jpg\" data-width=\"768\" data-height=\"1151\" aria-label=\"Portrait Neuch\u00e2tel\" role=\"img\" ><\/div>\n\t\t\t\t\t\t\t\t\t\t\t<div class=\"elementor-gallery-item__overlay\"><\/div>\n\t\t\t\t\t\t\t\t\t\t\t\t\t\t\t<div class=\"elementor-gallery-item__content\">\n\t\t\t\t\t\t\t\t\t\t\t\t\t\t<div class=\"elementor-gallery-item__title\">\n\t\t\t\t\t\t\t\t\t\t\t\t\t\t\t\t\t\tPortrait Neuch\u00e2tel\t\t\t\t\t\t\t\t<\/div>\n\t\t\t\t\t\t\t\t\t\t\t\t<\/div>\n\t\t\t\t\t\t\t\t\t<\/div>\n\t\t\t\t\t\t\t<div class=\"e-gallery-item elementor-gallery-item elementor-animated-content\" tabindex=\"0\">\n\t\t\t\t\t<div class=\"e-gallery-image elementor-gallery-item__image\" data-thumbnail=\"https:\/\/aigal-studio.ch\/wp-content\/uploads\/2021\/05\/DSC01339-768x1151.jpg\" data-width=\"768\" data-height=\"1151\" aria-label=\"Portrait Lausanne\" role=\"img\" ><\/div>\n\t\t\t\t\t\t\t\t\t\t\t<div class=\"elementor-gallery-item__overlay\"><\/div>\n\t\t\t\t\t\t\t\t\t\t\t\t\t\t\t<div class=\"elementor-gallery-item__content\">\n\t\t\t\t\t\t\t\t\t\t\t\t\t\t<div class=\"elementor-gallery-item__title\">\n\t\t\t\t\t\t\t\t\t\t\t\t\t\t\t\t\t\tPortrait Lausanne\t\t\t\t\t\t\t\t<\/div>\n\t\t\t\t\t\t\t\t\t\t\t\t<\/div>\n\t\t\t\t\t\t\t\t\t<\/div>\n\t\t\t\t\t\t\t<div class=\"e-gallery-item elementor-gallery-item elementor-animated-content\" tabindex=\"0\">\n\t\t\t\t\t<div class=\"e-gallery-image elementor-gallery-item__image\" data-thumbnail=\"https:\/\/aigal-studio.ch\/wp-content\/uploads\/2021\/05\/DSC04813-768x1024.jpg\" data-width=\"768\" data-height=\"1024\" aria-label=\"Photographe portrait entreprise Gen\u00e8ve\" role=\"img\" ><\/div>\n\t\t\t\t\t\t\t\t\t\t\t<div class=\"elementor-gallery-item__overlay\"><\/div>\n\t\t\t\t\t\t\t\t\t\t\t\t\t\t\t<div class=\"elementor-gallery-item__content\">\n\t\t\t\t\t\t\t\t\t\t\t\t\t\t<div class=\"elementor-gallery-item__title\">\n\t\t\t\t\t\t\t\t\t\t\t\t\t\t\t\t\t\tPhotographe portrait entreprise Gen\u00e8ve\t\t\t\t\t\t\t\t<\/div>\n\t\t\t\t\t\t\t\t\t\t\t\t<\/div>\n\t\t\t\t\t\t\t\t\t<\/div>\n\t\t\t\t\t\t\t<div class=\"e-gallery-item elementor-gallery-item elementor-animated-content\" tabindex=\"0\">\n\t\t\t\t\t<div class=\"e-gallery-image elementor-gallery-item__image\" data-thumbnail=\"https:\/\/aigal-studio.ch\/wp-content\/uploads\/2021\/05\/DSC04807-768x1024.jpg\" data-width=\"768\" data-height=\"1024\" aria-label=\"Photographe portrait entreprise Gen\u00e8ve\" role=\"img\" ><\/div>\n\t\t\t\t\t\t\t\t\t\t\t<div class=\"elementor-gallery-item__overlay\"><\/div>\n\t\t\t\t\t\t\t\t\t\t\t\t\t\t\t<div class=\"elementor-gallery-item__content\">\n\t\t\t\t\t\t\t\t\t\t\t\t\t\t<div class=\"elementor-gallery-item__title\">\n\t\t\t\t\t\t\t\t\t\t\t\t\t\t\t\t\t\tPhotographe portrait entreprise Gen\u00e8ve\t\t\t\t\t\t\t\t<\/div>\n\t\t\t\t\t\t\t\t\t\t\t\t<\/div>\n\t\t\t\t\t\t\t\t\t<\/div>\n\t\t\t\t\t<\/div>\n\t\t\t\t\t<\/div>\n\t\t\t\t\t<\/div>\n\t\t\t\t<\/div>\n\t\t\t\t<\/div>\n\t\t","protected":false},"excerpt":{"rendered":"<p>Des portraits qui racontent votre histoire. D\u00e9couvrir Des portraits qui vous font briller. Avec une approche personnalis\u00e9e et empathique, nous capturons votre v\u00e9ritable essence et cr\u00e9ons des portraits intemporels qui refl\u00e8tent votre personnalit\u00e9. Que ce soit pour votre site internet, votre profil LinkedIn, votre image professionnel ou votre h\u00e9ritage familial, nos portraits artistiques vous permettront [&hellip;]<\/p>\n","protected":false},"author":1,"featured_media":31183,"parent":0,"menu_order":3,"comment_status":"closed","ping_status":"closed","template":"elementor_header_footer","meta":{"_acf_changed":false,"footnotes":""},"class_list":["post-12922","page","type-page","status-publish","has-post-thumbnail","hentry"],"acf":[],"_links":{"self":[{"href":"https:\/\/aigal-studio.ch\/en\/wp-json\/wp\/v2\/pages\/12922","targetHints":{"allow":["GET"]}}],"collection":[{"href":"https:\/\/aigal-studio.ch\/en\/wp-json\/wp\/v2\/pages"}],"about":[{"href":"https:\/\/aigal-studio.ch\/en\/wp-json\/wp\/v2\/types\/page"}],"author":[{"embeddable":true,"href":"https:\/\/aigal-studio.ch\/en\/wp-json\/wp\/v2\/users\/1"}],"replies":[{"embeddable":true,"href":"https:\/\/aigal-studio.ch\/en\/wp-json\/wp\/v2\/comments?post=12922"}],"version-history":[{"count":9,"href":"https:\/\/aigal-studio.ch\/en\/wp-json\/wp\/v2\/pages\/12922\/revisions"}],"predecessor-version":[{"id":38001,"href":"https:\/\/aigal-studio.ch\/en\/wp-json\/wp\/v2\/pages\/12922\/revisions\/38001"}],"wp:featuredmedia":[{"embeddable":true,"href":"https:\/\/aigal-studio.ch\/en\/wp-json\/wp\/v2\/media\/31183"}],"wp:attachment":[{"href":"https:\/\/aigal-studio.ch\/en\/wp-json\/wp\/v2\/media?parent=12922"}],"curies":[{"name":"wp","href":"https:\/\/api.w.org\/{rel}","templated":true}]}}